{"id":5216,"date":"2025-03-19T16:25:26","date_gmt":"2025-03-19T15:25:26","guid":{"rendered":"https:\/\/shop-ch.lafabriquecornu.ch\/?post_type=product&#038;p=5216"},"modified":"2026-04-25T15:35:24","modified_gmt":"2026-04-25T13:35:24","slug":"atelier-macarons-17-05-25","status":"publish","type":"product","link":"https:\/\/shop-ch.lafabriquecornu.ch\/fr\/produit\/atelier-macarons-17-05-25\/","title":{"rendered":"Atelier Macarons &#8211; 09.05.26"},"content":{"rendered":"","protected":false},"excerpt":{"rendered":"<p data-start=\"0\" data-end=\"70\"><strong data-start=\"0\" data-end=\"68\">Apprenez \u00e0 r\u00e9aliser de parfaits macarons !<\/strong><\/p>\n<p data-start=\"72\" data-end=\"506\">Pendant 2 heures, vous apprendrez \u00e0 ma\u00eetriser chaque \u00e9tape, du macaronnage \u00e0 la cuisson, en passant par la r\u00e9alisation de ganaches gourmandes : vanille, chocolat et myrtille. Guid\u00e9 par un expert, vous pratiquerez des gestes pr\u00e9cis pour obtenir des coques lisses et des garnitures savoureuses.<\/p>\n<p data-start=\"508\" data-end=\"726\">Cet atelier est id\u00e9al pour les amateurs de p\u00e2tisserie souhaitant perfectionner leur technique tout en passant un moment convivial. Repartez avec vos cr\u00e9ations et surprenez vos proches avec des macarons faits maison !<\/p>\n<p><strong style=\"font-size: 16px;\">Date:<\/strong> samedi 9 mai 2026<br \/>\n<strong>Heure: <\/strong>15h00<\/p>\n<p><strong>Dur\u00e9e :<\/strong> 2 h<\/p>\n","protected":false},"featured_media":1182,"template":"","meta":[],"product_brand":[],"product_cat":[19,21],"product_tag":[],"giftcard-category":[],"class_list":{"0":"post-5216","1":"product","2":"type-product","3":"status-publish","4":"has-post-thumbnail","6":"product_cat-ateliers","7":"product_cat-idees-cadeaux","8":"product_shipping_class-virtuel","10":"first","11":"instock","12":"taxable","13":"shipping-taxable","14":"purchasable","15":"product-type-variable","16":"has-default-attributes"},"yoast_head":"<!-- This site is optimized with the Yoast SEO plugin v27.4 - https:\/\/yoast.com\/product\/yoast-seo-wordpress\/ -->\n<title>Atelier Macarons - 09.05.26 - La Fabrique Cornu Shop Suisse<\/title>\n<meta name=\"description\" content=\"Apprenez \u00e0 r\u00e9ussir des macarons maison : coques lisses, macaronnage et ganaches vanille, chocolat, myrtille. Atelier technique et gourmand.\" \/>\n<meta name=\"robots\" content=\"index, follow, max-snippet:-1, max-image-preview:large, max-video-preview:-1\" \/>\n<link rel=\"canonical\" href=\"https:\/\/shop-ch.lafabriquecornu.ch\/fr\/produit\/atelier-macarons-17-05-25\/\" \/>\n<meta property=\"og:locale\" content=\"fr_FR\" \/>\n<meta property=\"og:type\" content=\"article\" \/>\n<meta property=\"og:title\" content=\"Atelier Macarons - 09.05.26 - La Fabrique Cornu Shop Suisse\" \/>\n<meta property=\"og:description\" content=\"Apprenez \u00e0 r\u00e9ussir des macarons maison : coques lisses, macaronnage et ganaches vanille, chocolat, myrtille. Atelier technique et gourmand.\" \/>\n<meta property=\"og:url\" content=\"https:\/\/shop-ch.lafabriquecornu.ch\/fr\/produit\/atelier-macarons-17-05-25\/\" \/>\n<meta property=\"og:site_name\" content=\"La Fabrique Cornu Shop Suisse\" \/>\n<meta property=\"article:publisher\" content=\"https:\/\/facebook.com\/lafabriquecornu\" \/>\n<meta property=\"article:modified_time\" content=\"2026-04-25T13:35:24+00:00\" \/>\n<meta property=\"og:image\" content=\"https:\/\/shop-ch.lafabriquecornu.ch\/wp-content\/uploads\/lafabrique-atelier-2h-macarons.webp\" \/>\n\t<meta property=\"og:image:width\" content=\"800\" \/>\n\t<meta property=\"og:image:height\" content=\"900\" \/>\n\t<meta property=\"og:image:type\" content=\"image\/webp\" \/>\n<meta name=\"twitter:card\" content=\"summary_large_image\" \/>\n<meta name=\"twitter:label1\" content=\"Dur\u00e9e de lecture estim\u00e9e\" \/>\n\t<meta name=\"twitter:data1\" content=\"1 minute\" \/>\n<script type=\"application\/ld+json\" class=\"yoast-schema-graph\">{\"@context\":\"https:\\\/\\\/schema.org\",\"@graph\":[{\"@type\":\"WebPage\",\"@id\":\"https:\\\/\\\/shop-ch.lafabriquecornu.ch\\\/fr\\\/produit\\\/atelier-macarons-17-05-25\\\/\",\"url\":\"https:\\\/\\\/shop-ch.lafabriquecornu.ch\\\/fr\\\/produit\\\/atelier-macarons-17-05-25\\\/\",\"name\":\"Atelier Macarons - 09.05.26 - La Fabrique Cornu Shop Suisse\",\"isPartOf\":{\"@id\":\"https:\\\/\\\/shop-ch.lafabriquecornu.ch\\\/fr\\\/#website\"},\"primaryImageOfPage\":{\"@id\":\"https:\\\/\\\/shop-ch.lafabriquecornu.ch\\\/fr\\\/produit\\\/atelier-macarons-17-05-25\\\/#primaryimage\"},\"image\":{\"@id\":\"https:\\\/\\\/shop-ch.lafabriquecornu.ch\\\/fr\\\/produit\\\/atelier-macarons-17-05-25\\\/#primaryimage\"},\"thumbnailUrl\":\"https:\\\/\\\/shop-ch.lafabriquecornu.ch\\\/wp-content\\\/uploads\\\/lafabrique-atelier-2h-macarons.webp\",\"datePublished\":\"2025-03-19T15:25:26+00:00\",\"dateModified\":\"2026-04-25T13:35:24+00:00\",\"description\":\"Apprenez \u00e0 r\u00e9ussir des macarons maison : coques lisses, macaronnage et ganaches vanille, chocolat, myrtille. Atelier technique et gourmand.\",\"breadcrumb\":{\"@id\":\"https:\\\/\\\/shop-ch.lafabriquecornu.ch\\\/fr\\\/produit\\\/atelier-macarons-17-05-25\\\/#breadcrumb\"},\"inLanguage\":\"fr-FR\",\"potentialAction\":[{\"@type\":\"ReadAction\",\"target\":[\"https:\\\/\\\/shop-ch.lafabriquecornu.ch\\\/fr\\\/produit\\\/atelier-macarons-17-05-25\\\/\"]}]},{\"@type\":\"ImageObject\",\"inLanguage\":\"fr-FR\",\"@id\":\"https:\\\/\\\/shop-ch.lafabriquecornu.ch\\\/fr\\\/produit\\\/atelier-macarons-17-05-25\\\/#primaryimage\",\"url\":\"https:\\\/\\\/shop-ch.lafabriquecornu.ch\\\/wp-content\\\/uploads\\\/lafabrique-atelier-2h-macarons.webp\",\"contentUrl\":\"https:\\\/\\\/shop-ch.lafabriquecornu.ch\\\/wp-content\\\/uploads\\\/lafabrique-atelier-2h-macarons.webp\",\"width\":800,\"height\":900,\"caption\":\"Atelier La Fabrique de 2h sur le th\u00e8me des macarons\"},{\"@type\":\"BreadcrumbList\",\"@id\":\"https:\\\/\\\/shop-ch.lafabriquecornu.ch\\\/fr\\\/produit\\\/atelier-macarons-17-05-25\\\/#breadcrumb\",\"itemListElement\":[{\"@type\":\"ListItem\",\"position\":1,\"name\":\"Accueil\",\"item\":\"https:\\\/\\\/shop-ch.lafabriquecornu.ch\\\/fr\\\/\"},{\"@type\":\"ListItem\",\"position\":2,\"name\":\"Tous les produits\",\"item\":\"https:\\\/\\\/shop-ch.lafabriquecornu.ch\\\/fr\\\/boutique\\\/\"},{\"@type\":\"ListItem\",\"position\":3,\"name\":\"Atelier Macarons &#8211; 09.05.26\"}]},{\"@type\":\"WebSite\",\"@id\":\"https:\\\/\\\/shop-ch.lafabriquecornu.ch\\\/fr\\\/#website\",\"url\":\"https:\\\/\\\/shop-ch.lafabriquecornu.ch\\\/fr\\\/\",\"name\":\"La Fabrique Cornu\",\"description\":\"\",\"publisher\":{\"@id\":\"https:\\\/\\\/shop-ch.lafabriquecornu.ch\\\/fr\\\/#organization\"},\"potentialAction\":[{\"@type\":\"SearchAction\",\"target\":{\"@type\":\"EntryPoint\",\"urlTemplate\":\"https:\\\/\\\/shop-ch.lafabriquecornu.ch\\\/fr\\\/?s={search_term_string}\"},\"query-input\":{\"@type\":\"PropertyValueSpecification\",\"valueRequired\":true,\"valueName\":\"search_term_string\"}}],\"inLanguage\":\"fr-FR\"},{\"@type\":\"Organization\",\"@id\":\"https:\\\/\\\/shop-ch.lafabriquecornu.ch\\\/fr\\\/#organization\",\"name\":\"La Fabrique Cornu\",\"url\":\"https:\\\/\\\/shop-ch.lafabriquecornu.ch\\\/fr\\\/\",\"logo\":{\"@type\":\"ImageObject\",\"inLanguage\":\"fr-FR\",\"@id\":\"https:\\\/\\\/shop-ch.lafabriquecornu.ch\\\/fr\\\/#\\\/schema\\\/logo\\\/image\\\/\",\"url\":\"https:\\\/\\\/shop-ch.lafabriquecornu.ch\\\/wp-content\\\/uploads\\\/lafabrique-logo.svg\",\"contentUrl\":\"https:\\\/\\\/shop-ch.lafabriquecornu.ch\\\/wp-content\\\/uploads\\\/lafabrique-logo.svg\",\"width\":1,\"height\":1,\"caption\":\"La Fabrique Cornu\"},\"image\":{\"@id\":\"https:\\\/\\\/shop-ch.lafabriquecornu.ch\\\/fr\\\/#\\\/schema\\\/logo\\\/image\\\/\"},\"sameAs\":[\"https:\\\/\\\/facebook.com\\\/lafabriquecornu\",\"https:\\\/\\\/www.instagram.com\\\/lafabriquech\",\"https:\\\/\\\/www.youtube.com\\\/@lafabrique-museeinteractif4254\"]}]}<\/script>\n<!-- \/ Yoast SEO plugin. -->","yoast_head_json":{"title":"Atelier Macarons - 09.05.26 - La Fabrique Cornu Shop Suisse","description":"Apprenez \u00e0 r\u00e9ussir des macarons maison : coques lisses, macaronnage et ganaches vanille, chocolat, myrtille. Atelier technique et gourmand.","robots":{"index":"index","follow":"follow","max-snippet":"max-snippet:-1","max-image-preview":"max-image-preview:large","max-video-preview":"max-video-preview:-1"},"canonical":"https:\/\/shop-ch.lafabriquecornu.ch\/fr\/produit\/atelier-macarons-17-05-25\/","og_locale":"fr_FR","og_type":"article","og_title":"Atelier Macarons - 09.05.26 - La Fabrique Cornu Shop Suisse","og_description":"Apprenez \u00e0 r\u00e9ussir des macarons maison : coques lisses, macaronnage et ganaches vanille, chocolat, myrtille. Atelier technique et gourmand.","og_url":"https:\/\/shop-ch.lafabriquecornu.ch\/fr\/produit\/atelier-macarons-17-05-25\/","og_site_name":"La Fabrique Cornu Shop Suisse","article_publisher":"https:\/\/facebook.com\/lafabriquecornu","article_modified_time":"2026-04-25T13:35:24+00:00","og_image":[{"width":800,"height":900,"url":"https:\/\/shop-ch.lafabriquecornu.ch\/wp-content\/uploads\/lafabrique-atelier-2h-macarons.webp","type":"image\/webp"}],"twitter_card":"summary_large_image","twitter_misc":{"Dur\u00e9e de lecture estim\u00e9e":"1 minute"},"schema":{"@context":"https:\/\/schema.org","@graph":[{"@type":"WebPage","@id":"https:\/\/shop-ch.lafabriquecornu.ch\/fr\/produit\/atelier-macarons-17-05-25\/","url":"https:\/\/shop-ch.lafabriquecornu.ch\/fr\/produit\/atelier-macarons-17-05-25\/","name":"Atelier Macarons - 09.05.26 - La Fabrique Cornu Shop Suisse","isPartOf":{"@id":"https:\/\/shop-ch.lafabriquecornu.ch\/fr\/#website"},"primaryImageOfPage":{"@id":"https:\/\/shop-ch.lafabriquecornu.ch\/fr\/produit\/atelier-macarons-17-05-25\/#primaryimage"},"image":{"@id":"https:\/\/shop-ch.lafabriquecornu.ch\/fr\/produit\/atelier-macarons-17-05-25\/#primaryimage"},"thumbnailUrl":"https:\/\/shop-ch.lafabriquecornu.ch\/wp-content\/uploads\/lafabrique-atelier-2h-macarons.webp","datePublished":"2025-03-19T15:25:26+00:00","dateModified":"2026-04-25T13:35:24+00:00","description":"Apprenez \u00e0 r\u00e9ussir des macarons maison : coques lisses, macaronnage et ganaches vanille, chocolat, myrtille. Atelier technique et gourmand.","breadcrumb":{"@id":"https:\/\/shop-ch.lafabriquecornu.ch\/fr\/produit\/atelier-macarons-17-05-25\/#breadcrumb"},"inLanguage":"fr-FR","potentialAction":[{"@type":"ReadAction","target":["https:\/\/shop-ch.lafabriquecornu.ch\/fr\/produit\/atelier-macarons-17-05-25\/"]}]},{"@type":"ImageObject","inLanguage":"fr-FR","@id":"https:\/\/shop-ch.lafabriquecornu.ch\/fr\/produit\/atelier-macarons-17-05-25\/#primaryimage","url":"https:\/\/shop-ch.lafabriquecornu.ch\/wp-content\/uploads\/lafabrique-atelier-2h-macarons.webp","contentUrl":"https:\/\/shop-ch.lafabriquecornu.ch\/wp-content\/uploads\/lafabrique-atelier-2h-macarons.webp","width":800,"height":900,"caption":"Atelier La Fabrique de 2h sur le th\u00e8me des macarons"},{"@type":"BreadcrumbList","@id":"https:\/\/shop-ch.lafabriquecornu.ch\/fr\/produit\/atelier-macarons-17-05-25\/#breadcrumb","itemListElement":[{"@type":"ListItem","position":1,"name":"Accueil","item":"https:\/\/shop-ch.lafabriquecornu.ch\/fr\/"},{"@type":"ListItem","position":2,"name":"Tous les produits","item":"https:\/\/shop-ch.lafabriquecornu.ch\/fr\/boutique\/"},{"@type":"ListItem","position":3,"name":"Atelier Macarons &#8211; 09.05.26"}]},{"@type":"WebSite","@id":"https:\/\/shop-ch.lafabriquecornu.ch\/fr\/#website","url":"https:\/\/shop-ch.lafabriquecornu.ch\/fr\/","name":"La Fabrique Cornu","description":"","publisher":{"@id":"https:\/\/shop-ch.lafabriquecornu.ch\/fr\/#organization"},"potentialAction":[{"@type":"SearchAction","target":{"@type":"EntryPoint","urlTemplate":"https:\/\/shop-ch.lafabriquecornu.ch\/fr\/?s={search_term_string}"},"query-input":{"@type":"PropertyValueSpecification","valueRequired":true,"valueName":"search_term_string"}}],"inLanguage":"fr-FR"},{"@type":"Organization","@id":"https:\/\/shop-ch.lafabriquecornu.ch\/fr\/#organization","name":"La Fabrique Cornu","url":"https:\/\/shop-ch.lafabriquecornu.ch\/fr\/","logo":{"@type":"ImageObject","inLanguage":"fr-FR","@id":"https:\/\/shop-ch.lafabriquecornu.ch\/fr\/#\/schema\/logo\/image\/","url":"https:\/\/shop-ch.lafabriquecornu.ch\/wp-content\/uploads\/lafabrique-logo.svg","contentUrl":"https:\/\/shop-ch.lafabriquecornu.ch\/wp-content\/uploads\/lafabrique-logo.svg","width":1,"height":1,"caption":"La Fabrique Cornu"},"image":{"@id":"https:\/\/shop-ch.lafabriquecornu.ch\/fr\/#\/schema\/logo\/image\/"},"sameAs":["https:\/\/facebook.com\/lafabriquecornu","https:\/\/www.instagram.com\/lafabriquech","https:\/\/www.youtube.com\/@lafabrique-museeinteractif4254"]}]}},"_links":{"self":[{"href":"https:\/\/shop-ch.lafabriquecornu.ch\/fr\/wp-json\/wp\/v2\/product\/5216","targetHints":{"allow":["GET"]}}],"collection":[{"href":"https:\/\/shop-ch.lafabriquecornu.ch\/fr\/wp-json\/wp\/v2\/product"}],"about":[{"href":"https:\/\/shop-ch.lafabriquecornu.ch\/fr\/wp-json\/wp\/v2\/types\/product"}],"wp:featuredmedia":[{"embeddable":true,"href":"https:\/\/shop-ch.lafabriquecornu.ch\/fr\/wp-json\/wp\/v2\/media\/1182"}],"wp:attachment":[{"href":"https:\/\/shop-ch.lafabriquecornu.ch\/fr\/wp-json\/wp\/v2\/media?parent=5216"}],"wp:term":[{"taxonomy":"product_brand","embeddable":true,"href":"https:\/\/shop-ch.lafabriquecornu.ch\/fr\/wp-json\/wp\/v2\/product_brand?post=5216"},{"taxonomy":"product_cat","embeddable":true,"href":"https:\/\/shop-ch.lafabriquecornu.ch\/fr\/wp-json\/wp\/v2\/product_cat?post=5216"},{"taxonomy":"product_tag","embeddable":true,"href":"https:\/\/shop-ch.lafabriquecornu.ch\/fr\/wp-json\/wp\/v2\/product_tag?post=5216"},{"taxonomy":"giftcard-category","embeddable":true,"href":"https:\/\/shop-ch.lafabriquecornu.ch\/fr\/wp-json\/wp\/v2\/giftcard-category?post=5216"}],"curies":[{"name":"wp","href":"https:\/\/api.w.org\/{rel}","templated":true}]}}