{"id":2047,"date":"2024-03-04T10:33:07","date_gmt":"2024-03-04T09:33:07","guid":{"rendered":"https:\/\/shop-ch.lafabriquecornu.ch\/?post_type=product&#038;p=2047"},"modified":"2024-04-03T16:21:16","modified_gmt":"2024-04-03T14:21:16","slug":"granola-erable-amandes","status":"publish","type":"product","link":"https:\/\/shop-ch.lafabriquecornu.ch\/fr\/produit\/granola-erable-amandes\/","title":{"rendered":"Granola \u00e9rable &#038; amandes"},"content":{"rendered":"<div class=\"wp-block-ub-content-toggle padding-top-l wp-block-ub-content-toggle-block\" id=\"ub-content-toggle-block-978f11ec-b891-4a28-b28e-e6b62521a802\" data-mobilecollapse=\"true\" data-desktopcollapse=\"true\" data-preventcollapse=\"false\" data-showonlyone=\"false\">\n<div class=\"wp-block-ub-content-toggle-accordion\" style=\"border-color: #f1f1f1; \" id=\"ub-content-toggle-panel-block-1d4aabcf-09b8-48eb-a8f2-2088e21b83fe\">\n\t\t\t<div class=\"wp-block-ub-content-toggle-accordion-title-wrap\" style=\"background-color: #f1f1f1;\" aria-controls=\"ub-content-toggle-panel-0-978f11ec-b891-4a28-b28e-e6b62521a802\" tabindex=\"0\">\n\t\t\t<p class=\"wp-block-ub-content-toggle-accordion-title ub-content-toggle-title-978f11ec-b891-4a28-b28e-e6b62521a802\" style=\"color: #000000; \">INGR\u00e9DIENTS<\/p>\n\t\t\t<div class=\"wp-block-ub-content-toggle-accordion-toggle-wrap right\" style=\"color: #000000;\"><span class=\"wp-block-ub-content-toggle-accordion-state-indicator wp-block-ub-chevron-down\"><\/span><\/div>\n\t\t<\/div>\n\t\t\t<div role=\"region\" aria-expanded=\"false\" class=\"wp-block-ub-content-toggle-accordion-content-wrap ub-hide\" id=\"ub-content-toggle-panel-0-978f11ec-b891-4a28-b28e-e6b62521a802\">\n\n<div class=\"wp-block-columns is-layout-flex wp-container-core-columns-is-layout-9d6595d7 wp-block-columns-is-layout-flex\">\n<div class=\"wp-block-column is-layout-flow wp-block-column-is-layout-flow\">\n<p>Flocons d\u2019<strong>avoine<\/strong>*\u00a0(CH), Sirop d\u2019\u00e9rable*\u00a0(CAN), <strong>amandes <\/strong>(USA), m\u00e9lange de flocons de c\u00e9r\u00e9ales* (<strong>avoine, orge, bl\u00e9,<\/strong>\u00a0millet, <strong>seigle)<\/strong> (CH), graines de tournesol (CH), flocons d\u2019<strong>\u00e9peautre<\/strong>* (CH), flocons d\u2019<strong>orge<\/strong>* (CH), huile de tournesol (CH), graines de lin (CH).<br>(*Ingr\u00e9dients issus de l\u2019agriculture biologique).<\/p>\n<\/div>\n<\/div>\n\n<\/div>\n\t\t<\/div>\n\n<div class=\"wp-block-ub-content-toggle-accordion\" style=\"border-color: #f1f1f1; \" id=\"ub-content-toggle-panel-block-54a4574e-f1a0-4561-b154-66959eb496fc\">\n\t\t\t<div class=\"wp-block-ub-content-toggle-accordion-title-wrap\" style=\"background-color: #f1f1f1;\" aria-controls=\"ub-content-toggle-panel-1-978f11ec-b891-4a28-b28e-e6b62521a802\" tabindex=\"0\">\n\t\t\t<p class=\"wp-block-ub-content-toggle-accordion-title ub-content-toggle-title-978f11ec-b891-4a28-b28e-e6b62521a802\" style=\"color: #000000; \">DONN\u00c9ES NUTRITIONNELLES<\/p>\n\t\t\t<div class=\"wp-block-ub-content-toggle-accordion-toggle-wrap right\" style=\"color: #000000;\"><span class=\"wp-block-ub-content-toggle-accordion-state-indicator wp-block-ub-chevron-down\"><\/span><\/div>\n\t\t<\/div>\n\t\t\t<div role=\"region\" aria-expanded=\"false\" class=\"wp-block-ub-content-toggle-accordion-content-wrap ub-hide\" id=\"ub-content-toggle-panel-1-978f11ec-b891-4a28-b28e-e6b62521a802\">\n\n<p><strong>Valeurs \u00e9nerg\u00e9tiques et nutritionnelles\u00a0moyennes pour 100g<\/strong><br>Energie : 2058 kJ \/ 492 kCal, lipides: 24.5g, dont acides gras satur\u00e9s: 3.9g, glucides: 49g, dont sucre: 18g, prot\u00e9ines: 13g, sel: traces, vitamine E: 7.4mg, vitamine B1: 0.3mg, phosphore: 411mg, magn\u00e9sium: 141mg, mangan\u00e8se: 2.1mg<\/p>\n\n<\/div>\n\t\t<\/div>\n<\/div>","protected":false},"excerpt":{"rendered":"<p>Granola croustillant cuit au four aux flocons de c\u00e9r\u00e9ales, graines, amandes caram\u00e9lis\u00e9es et au go\u00fbt authentique et incomparable de l\u2019\u00e9rable. Accompagn\u00e9 de lait ou de yaourt nature, il est l\u2019alli\u00e9 parfait du petit d\u00e9jeuner \u00e9quilibr\u00e9 ou d\u2019une collation saine et naturelle. Fabriqu\u00e9 en Suisse.<\/p>\n<p><strong>Poids:<\/strong> 375g<\/p>\n","protected":false},"featured_media":1974,"template":"","meta":[],"product_brand":[],"product_cat":[42,51,54],"product_tag":[],"giftcard-category":[],"class_list":{"0":"post-2047","1":"product","2":"type-product","3":"status-publish","4":"has-post-thumbnail","6":"product_cat-bio","7":"product_cat-produits-erable","8":"product_cat-produits-partenaires","10":"first","11":"instock","12":"taxable","13":"shipping-taxable","14":"purchasable","15":"product-type-simple"},"yoast_head":"<!-- This site is optimized with the Yoast SEO plugin v27.5 - https:\/\/yoast.com\/product\/yoast-seo-wordpress\/ -->\n<title>Granola \u00e9rable &amp; amandes - La Fabrique Cornu Shop Suisse<\/title>\n<meta name=\"description\" content=\"Granola croustillant cuit au four aux flocons de c\u00e9r\u00e9ales, graines, amandes caram\u00e9lis\u00e9es et au go\u00fbt authentique et incomparable de l\u2019\u00e9rable.\" \/>\n<meta name=\"robots\" content=\"index, follow, max-snippet:-1, max-image-preview:large, max-video-preview:-1\" \/>\n<link rel=\"canonical\" href=\"https:\/\/shop-ch.lafabriquecornu.ch\/fr\/produit\/granola-erable-amandes\/\" \/>\n<meta property=\"og:locale\" content=\"fr_FR\" \/>\n<meta property=\"og:type\" content=\"article\" \/>\n<meta property=\"og:title\" content=\"Granola \u00e9rable &amp; amandes - La Fabrique Cornu Shop Suisse\" \/>\n<meta property=\"og:description\" content=\"Granola croustillant cuit au four aux flocons de c\u00e9r\u00e9ales, graines, amandes caram\u00e9lis\u00e9es et au go\u00fbt authentique et incomparable de l\u2019\u00e9rable.\" \/>\n<meta property=\"og:url\" content=\"https:\/\/shop-ch.lafabriquecornu.ch\/fr\/produit\/granola-erable-amandes\/\" \/>\n<meta property=\"og:site_name\" content=\"La Fabrique Cornu Shop Suisse\" \/>\n<meta property=\"article:publisher\" content=\"https:\/\/facebook.com\/lafabriquecornu\" \/>\n<meta property=\"article:modified_time\" content=\"2024-04-03T14:21:16+00:00\" \/>\n<meta property=\"og:image\" content=\"https:\/\/shop-ch.lafabriquecornu.ch\/wp-content\/uploads\/mawoo-puffs-erable.webp\" \/>\n\t<meta property=\"og:image:width\" content=\"800\" \/>\n\t<meta property=\"og:image:height\" content=\"900\" \/>\n\t<meta property=\"og:image:type\" content=\"image\/webp\" \/>\n<meta name=\"twitter:card\" content=\"summary_large_image\" \/>\n<meta name=\"twitter:label1\" content=\"Dur\u00e9e de lecture estim\u00e9e\" \/>\n\t<meta name=\"twitter:data1\" content=\"1 minute\" \/>\n<script type=\"application\/ld+json\" class=\"yoast-schema-graph\">{\"@context\":\"https:\\\/\\\/schema.org\",\"@graph\":[{\"@type\":\"WebPage\",\"@id\":\"https:\\\/\\\/shop-ch.lafabriquecornu.ch\\\/fr\\\/produit\\\/granola-erable-amandes\\\/\",\"url\":\"https:\\\/\\\/shop-ch.lafabriquecornu.ch\\\/fr\\\/produit\\\/granola-erable-amandes\\\/\",\"name\":\"Granola \u00e9rable & amandes - La Fabrique Cornu Shop Suisse\",\"isPartOf\":{\"@id\":\"https:\\\/\\\/shop-ch.lafabriquecornu.ch\\\/fr\\\/#website\"},\"primaryImageOfPage\":{\"@id\":\"https:\\\/\\\/shop-ch.lafabriquecornu.ch\\\/fr\\\/produit\\\/granola-erable-amandes\\\/#primaryimage\"},\"image\":{\"@id\":\"https:\\\/\\\/shop-ch.lafabriquecornu.ch\\\/fr\\\/produit\\\/granola-erable-amandes\\\/#primaryimage\"},\"thumbnailUrl\":\"https:\\\/\\\/shop-ch.lafabriquecornu.ch\\\/wp-content\\\/uploads\\\/mawoo-puffs-erable.webp\",\"datePublished\":\"2024-03-04T09:33:07+00:00\",\"dateModified\":\"2024-04-03T14:21:16+00:00\",\"description\":\"Granola croustillant cuit au four aux flocons de c\u00e9r\u00e9ales, graines, amandes caram\u00e9lis\u00e9es et au go\u00fbt authentique et incomparable de l\u2019\u00e9rable.\",\"breadcrumb\":{\"@id\":\"https:\\\/\\\/shop-ch.lafabriquecornu.ch\\\/fr\\\/produit\\\/granola-erable-amandes\\\/#breadcrumb\"},\"inLanguage\":\"fr-FR\",\"potentialAction\":[{\"@type\":\"ReadAction\",\"target\":[\"https:\\\/\\\/shop-ch.lafabriquecornu.ch\\\/fr\\\/produit\\\/granola-erable-amandes\\\/\"]}]},{\"@type\":\"ImageObject\",\"inLanguage\":\"fr-FR\",\"@id\":\"https:\\\/\\\/shop-ch.lafabriquecornu.ch\\\/fr\\\/produit\\\/granola-erable-amandes\\\/#primaryimage\",\"url\":\"https:\\\/\\\/shop-ch.lafabriquecornu.ch\\\/wp-content\\\/uploads\\\/mawoo-puffs-erable.webp\",\"contentUrl\":\"https:\\\/\\\/shop-ch.lafabriquecornu.ch\\\/wp-content\\\/uploads\\\/mawoo-puffs-erable.webp\",\"width\":800,\"height\":900,\"caption\":\"Puffs \u00e0 l'\u00e9rable de la marque Mawoo\"},{\"@type\":\"BreadcrumbList\",\"@id\":\"https:\\\/\\\/shop-ch.lafabriquecornu.ch\\\/fr\\\/produit\\\/granola-erable-amandes\\\/#breadcrumb\",\"itemListElement\":[{\"@type\":\"ListItem\",\"position\":1,\"name\":\"Accueil\",\"item\":\"https:\\\/\\\/shop-ch.lafabriquecornu.ch\\\/fr\\\/\"},{\"@type\":\"ListItem\",\"position\":2,\"name\":\"Tous les produits\",\"item\":\"https:\\\/\\\/shop-ch.lafabriquecornu.ch\\\/fr\\\/boutique\\\/\"},{\"@type\":\"ListItem\",\"position\":3,\"name\":\"Granola \u00e9rable &#038; amandes\"}]},{\"@type\":\"WebSite\",\"@id\":\"https:\\\/\\\/shop-ch.lafabriquecornu.ch\\\/fr\\\/#website\",\"url\":\"https:\\\/\\\/shop-ch.lafabriquecornu.ch\\\/fr\\\/\",\"name\":\"La Fabrique Cornu\",\"description\":\"\",\"publisher\":{\"@id\":\"https:\\\/\\\/shop-ch.lafabriquecornu.ch\\\/fr\\\/#organization\"},\"potentialAction\":[{\"@type\":\"SearchAction\",\"target\":{\"@type\":\"EntryPoint\",\"urlTemplate\":\"https:\\\/\\\/shop-ch.lafabriquecornu.ch\\\/fr\\\/?s={search_term_string}\"},\"query-input\":{\"@type\":\"PropertyValueSpecification\",\"valueRequired\":true,\"valueName\":\"search_term_string\"}}],\"inLanguage\":\"fr-FR\"},{\"@type\":\"Organization\",\"@id\":\"https:\\\/\\\/shop-ch.lafabriquecornu.ch\\\/fr\\\/#organization\",\"name\":\"La Fabrique Cornu\",\"url\":\"https:\\\/\\\/shop-ch.lafabriquecornu.ch\\\/fr\\\/\",\"logo\":{\"@type\":\"ImageObject\",\"inLanguage\":\"fr-FR\",\"@id\":\"https:\\\/\\\/shop-ch.lafabriquecornu.ch\\\/fr\\\/#\\\/schema\\\/logo\\\/image\\\/\",\"url\":\"https:\\\/\\\/shop-ch.lafabriquecornu.ch\\\/wp-content\\\/uploads\\\/lafabrique-logo.svg\",\"contentUrl\":\"https:\\\/\\\/shop-ch.lafabriquecornu.ch\\\/wp-content\\\/uploads\\\/lafabrique-logo.svg\",\"width\":1,\"height\":1,\"caption\":\"La Fabrique Cornu\"},\"image\":{\"@id\":\"https:\\\/\\\/shop-ch.lafabriquecornu.ch\\\/fr\\\/#\\\/schema\\\/logo\\\/image\\\/\"},\"sameAs\":[\"https:\\\/\\\/facebook.com\\\/lafabriquecornu\",\"https:\\\/\\\/www.instagram.com\\\/lafabriquech\",\"https:\\\/\\\/www.youtube.com\\\/@lafabrique-museeinteractif4254\"]}]}<\/script>\n<!-- \/ Yoast SEO plugin. -->","yoast_head_json":{"title":"Granola \u00e9rable & amandes - La Fabrique Cornu Shop Suisse","description":"Granola croustillant cuit au four aux flocons de c\u00e9r\u00e9ales, graines, amandes caram\u00e9lis\u00e9es et au go\u00fbt authentique et incomparable de l\u2019\u00e9rable.","robots":{"index":"index","follow":"follow","max-snippet":"max-snippet:-1","max-image-preview":"max-image-preview:large","max-video-preview":"max-video-preview:-1"},"canonical":"https:\/\/shop-ch.lafabriquecornu.ch\/fr\/produit\/granola-erable-amandes\/","og_locale":"fr_FR","og_type":"article","og_title":"Granola \u00e9rable & amandes - La Fabrique Cornu Shop Suisse","og_description":"Granola croustillant cuit au four aux flocons de c\u00e9r\u00e9ales, graines, amandes caram\u00e9lis\u00e9es et au go\u00fbt authentique et incomparable de l\u2019\u00e9rable.","og_url":"https:\/\/shop-ch.lafabriquecornu.ch\/fr\/produit\/granola-erable-amandes\/","og_site_name":"La Fabrique Cornu Shop Suisse","article_publisher":"https:\/\/facebook.com\/lafabriquecornu","article_modified_time":"2024-04-03T14:21:16+00:00","og_image":[{"width":800,"height":900,"url":"https:\/\/shop-ch.lafabriquecornu.ch\/wp-content\/uploads\/mawoo-puffs-erable.webp","type":"image\/webp"}],"twitter_card":"summary_large_image","twitter_misc":{"Dur\u00e9e de lecture estim\u00e9e":"1 minute"},"schema":{"@context":"https:\/\/schema.org","@graph":[{"@type":"WebPage","@id":"https:\/\/shop-ch.lafabriquecornu.ch\/fr\/produit\/granola-erable-amandes\/","url":"https:\/\/shop-ch.lafabriquecornu.ch\/fr\/produit\/granola-erable-amandes\/","name":"Granola \u00e9rable & amandes - La Fabrique Cornu Shop Suisse","isPartOf":{"@id":"https:\/\/shop-ch.lafabriquecornu.ch\/fr\/#website"},"primaryImageOfPage":{"@id":"https:\/\/shop-ch.lafabriquecornu.ch\/fr\/produit\/granola-erable-amandes\/#primaryimage"},"image":{"@id":"https:\/\/shop-ch.lafabriquecornu.ch\/fr\/produit\/granola-erable-amandes\/#primaryimage"},"thumbnailUrl":"https:\/\/shop-ch.lafabriquecornu.ch\/wp-content\/uploads\/mawoo-puffs-erable.webp","datePublished":"2024-03-04T09:33:07+00:00","dateModified":"2024-04-03T14:21:16+00:00","description":"Granola croustillant cuit au four aux flocons de c\u00e9r\u00e9ales, graines, amandes caram\u00e9lis\u00e9es et au go\u00fbt authentique et incomparable de l\u2019\u00e9rable.","breadcrumb":{"@id":"https:\/\/shop-ch.lafabriquecornu.ch\/fr\/produit\/granola-erable-amandes\/#breadcrumb"},"inLanguage":"fr-FR","potentialAction":[{"@type":"ReadAction","target":["https:\/\/shop-ch.lafabriquecornu.ch\/fr\/produit\/granola-erable-amandes\/"]}]},{"@type":"ImageObject","inLanguage":"fr-FR","@id":"https:\/\/shop-ch.lafabriquecornu.ch\/fr\/produit\/granola-erable-amandes\/#primaryimage","url":"https:\/\/shop-ch.lafabriquecornu.ch\/wp-content\/uploads\/mawoo-puffs-erable.webp","contentUrl":"https:\/\/shop-ch.lafabriquecornu.ch\/wp-content\/uploads\/mawoo-puffs-erable.webp","width":800,"height":900,"caption":"Puffs \u00e0 l'\u00e9rable de la marque Mawoo"},{"@type":"BreadcrumbList","@id":"https:\/\/shop-ch.lafabriquecornu.ch\/fr\/produit\/granola-erable-amandes\/#breadcrumb","itemListElement":[{"@type":"ListItem","position":1,"name":"Accueil","item":"https:\/\/shop-ch.lafabriquecornu.ch\/fr\/"},{"@type":"ListItem","position":2,"name":"Tous les produits","item":"https:\/\/shop-ch.lafabriquecornu.ch\/fr\/boutique\/"},{"@type":"ListItem","position":3,"name":"Granola \u00e9rable &#038; amandes"}]},{"@type":"WebSite","@id":"https:\/\/shop-ch.lafabriquecornu.ch\/fr\/#website","url":"https:\/\/shop-ch.lafabriquecornu.ch\/fr\/","name":"La Fabrique Cornu","description":"","publisher":{"@id":"https:\/\/shop-ch.lafabriquecornu.ch\/fr\/#organization"},"potentialAction":[{"@type":"SearchAction","target":{"@type":"EntryPoint","urlTemplate":"https:\/\/shop-ch.lafabriquecornu.ch\/fr\/?s={search_term_string}"},"query-input":{"@type":"PropertyValueSpecification","valueRequired":true,"valueName":"search_term_string"}}],"inLanguage":"fr-FR"},{"@type":"Organization","@id":"https:\/\/shop-ch.lafabriquecornu.ch\/fr\/#organization","name":"La Fabrique Cornu","url":"https:\/\/shop-ch.lafabriquecornu.ch\/fr\/","logo":{"@type":"ImageObject","inLanguage":"fr-FR","@id":"https:\/\/shop-ch.lafabriquecornu.ch\/fr\/#\/schema\/logo\/image\/","url":"https:\/\/shop-ch.lafabriquecornu.ch\/wp-content\/uploads\/lafabrique-logo.svg","contentUrl":"https:\/\/shop-ch.lafabriquecornu.ch\/wp-content\/uploads\/lafabrique-logo.svg","width":1,"height":1,"caption":"La Fabrique Cornu"},"image":{"@id":"https:\/\/shop-ch.lafabriquecornu.ch\/fr\/#\/schema\/logo\/image\/"},"sameAs":["https:\/\/facebook.com\/lafabriquecornu","https:\/\/www.instagram.com\/lafabriquech","https:\/\/www.youtube.com\/@lafabrique-museeinteractif4254"]}]}},"_links":{"self":[{"href":"https:\/\/shop-ch.lafabriquecornu.ch\/fr\/wp-json\/wp\/v2\/product\/2047","targetHints":{"allow":["GET"]}}],"collection":[{"href":"https:\/\/shop-ch.lafabriquecornu.ch\/fr\/wp-json\/wp\/v2\/product"}],"about":[{"href":"https:\/\/shop-ch.lafabriquecornu.ch\/fr\/wp-json\/wp\/v2\/types\/product"}],"wp:featuredmedia":[{"embeddable":true,"href":"https:\/\/shop-ch.lafabriquecornu.ch\/fr\/wp-json\/wp\/v2\/media\/1974"}],"wp:attachment":[{"href":"https:\/\/shop-ch.lafabriquecornu.ch\/fr\/wp-json\/wp\/v2\/media?parent=2047"}],"wp:term":[{"taxonomy":"product_brand","embeddable":true,"href":"https:\/\/shop-ch.lafabriquecornu.ch\/fr\/wp-json\/wp\/v2\/product_brand?post=2047"},{"taxonomy":"product_cat","embeddable":true,"href":"https:\/\/shop-ch.lafabriquecornu.ch\/fr\/wp-json\/wp\/v2\/product_cat?post=2047"},{"taxonomy":"product_tag","embeddable":true,"href":"https:\/\/shop-ch.lafabriquecornu.ch\/fr\/wp-json\/wp\/v2\/product_tag?post=2047"},{"taxonomy":"giftcard-category","embeddable":true,"href":"https:\/\/shop-ch.lafabriquecornu.ch\/fr\/wp-json\/wp\/v2\/giftcard-category?post=2047"}],"curies":[{"name":"wp","href":"https:\/\/api.w.org\/{rel}","templated":true}]}}