{"id":1989,"date":"2024-03-04T10:33:08","date_gmt":"2024-03-04T09:33:08","guid":{"rendered":"https:\/\/shop-ch.lafabriquecornu.ch\/?post_type=product&#038;p=1989"},"modified":"2025-09-23T15:50:29","modified_gmt":"2025-09-23T13:50:29","slug":"sables-a-lerable","status":"publish","type":"product","link":"https:\/\/shop-ch.lafabriquecornu.ch\/fr\/produit\/sables-a-lerable\/","title":{"rendered":"Sabl\u00e9s \u00e0 l&rsquo;\u00e9rable"},"content":{"rendered":"<div class=\"wp-block-ub-content-toggle padding-top-l wp-block-ub-content-toggle-block\" id=\"ub-content-toggle-block-21ec0289-51a6-4749-9d1a-071e131c5477\" data-mobilecollapse=\"true\" data-desktopcollapse=\"true\" data-preventcollapse=\"false\" data-showonlyone=\"false\">\n<div class=\"wp-block-ub-content-toggle-accordion\" style=\"border-color: #f1f1f1; \" id=\"ub-content-toggle-panel-block-a4d25fa1-2eb9-4829-b847-0dbf4dca4f6f\">\n\t\t\t<div class=\"wp-block-ub-content-toggle-accordion-title-wrap\" style=\"background-color: #f1f1f1;\" aria-controls=\"ub-content-toggle-panel-0-21ec0289-51a6-4749-9d1a-071e131c5477\" tabindex=\"0\">\n\t\t\t<p class=\"wp-block-ub-content-toggle-accordion-title ub-content-toggle-title-21ec0289-51a6-4749-9d1a-071e131c5477\" style=\"color: #000000; \">INGR\u00e9DIENTS<\/p>\n\t\t\t<div class=\"wp-block-ub-content-toggle-accordion-toggle-wrap right\" style=\"color: #000000;\"><span class=\"wp-block-ub-content-toggle-accordion-state-indicator wp-block-ub-chevron-down\"><\/span><\/div>\n\t\t<\/div>\n\t\t\t<div role=\"region\" aria-expanded=\"false\" class=\"wp-block-ub-content-toggle-accordion-content-wrap ub-hide\" id=\"ub-content-toggle-panel-0-21ec0289-51a6-4749-9d1a-071e131c5477\">\n\n<div class=\"wp-block-columns is-layout-flex wp-container-core-columns-is-layout-9d6595d7 wp-block-columns-is-layout-flex\">\n<div class=\"wp-block-column is-layout-flow wp-block-column-is-layout-flow\">\n<p>Farine de <strong>bl\u00e9<\/strong>, <strong>beurre<\/strong>, sucre d\u2019\u00e9rable (18.6%), <strong>lait<\/strong>, sel. Peut contenir des traces de s\u00e9same, soja et amandes.<\/p>\n<\/div>\n<\/div>\n\n<\/div>\n\t\t<\/div>\n\n<div class=\"wp-block-ub-content-toggle-accordion\" style=\"border-color: #f1f1f1; \" id=\"ub-content-toggle-panel-block-784e34d1-ec46-4023-afbd-018fa98d7a4b\">\n\t\t\t<div class=\"wp-block-ub-content-toggle-accordion-title-wrap\" style=\"background-color: #f1f1f1;\" aria-controls=\"ub-content-toggle-panel-1-21ec0289-51a6-4749-9d1a-071e131c5477\" tabindex=\"0\">\n\t\t\t<p class=\"wp-block-ub-content-toggle-accordion-title ub-content-toggle-title-21ec0289-51a6-4749-9d1a-071e131c5477\" style=\"color: #000000; \">DONN\u00c9ES NUTRITIONNELLES<\/p>\n\t\t\t<div class=\"wp-block-ub-content-toggle-accordion-toggle-wrap right\" style=\"color: #000000;\"><span class=\"wp-block-ub-content-toggle-accordion-state-indicator wp-block-ub-chevron-down\"><\/span><\/div>\n\t\t<\/div>\n\t\t\t<div role=\"region\" aria-expanded=\"false\" class=\"wp-block-ub-content-toggle-accordion-content-wrap ub-hide\" id=\"ub-content-toggle-panel-1-21ec0289-51a6-4749-9d1a-071e131c5477\">\n\n<p><strong><strong>Valeurs \u00e9nerg\u00e9tiques et nutritionnelles\u00a0moyenne pour 100g<\/strong><\/strong><br>Energie : 1866 kJ \/ 466 kCal, lipides : 26.3 g, dont acides gras satur\u00e9s : 6.1 g, glucides : 51.6 g, dont sucre : 14.8 g, prot\u00e9ines : 5.0 g, fibres : 1.3 g, sel : 0.1 g<\/p>\n\n<\/div>\n\t\t<\/div>\n<\/div>","protected":false},"excerpt":{"rendered":"<p><strong>Poids:<\/strong> 180g<\/p>\n","protected":false},"featured_media":1907,"template":"","meta":[],"product_brand":[],"product_cat":[51],"product_tag":[],"giftcard-category":[],"class_list":{"0":"post-1989","1":"product","2":"type-product","3":"status-publish","4":"has-post-thumbnail","6":"product_cat-produits-erable","8":"first","9":"instock","10":"taxable","11":"shipping-taxable","12":"purchasable","13":"product-type-simple"},"yoast_head":"<!-- This site is optimized with the Yoast SEO plugin v27.4 - https:\/\/yoast.com\/product\/yoast-seo-wordpress\/ -->\n<title>Sabl\u00e9s \u00e0 l&#039;\u00e9rable - La Fabrique Cornu Shop Suisse<\/title>\n<meta name=\"description\" content=\"Sabl\u00e9s au sirop d&#039;\u00e9rable\" \/>\n<meta name=\"robots\" content=\"index, follow, max-snippet:-1, max-image-preview:large, max-video-preview:-1\" \/>\n<link rel=\"canonical\" href=\"https:\/\/shop-ch.lafabriquecornu.ch\/fr\/produit\/sables-a-lerable\/\" \/>\n<meta property=\"og:locale\" content=\"fr_FR\" \/>\n<meta property=\"og:type\" content=\"article\" \/>\n<meta property=\"og:title\" content=\"Sabl\u00e9s \u00e0 l&#039;\u00e9rable - La Fabrique Cornu Shop Suisse\" \/>\n<meta property=\"og:description\" content=\"Sabl\u00e9s au sirop d&#039;\u00e9rable\" \/>\n<meta property=\"og:url\" content=\"https:\/\/shop-ch.lafabriquecornu.ch\/fr\/produit\/sables-a-lerable\/\" \/>\n<meta property=\"og:site_name\" content=\"La Fabrique Cornu Shop Suisse\" \/>\n<meta property=\"article:publisher\" content=\"https:\/\/facebook.com\/lafabriquecornu\" \/>\n<meta property=\"article:modified_time\" content=\"2025-09-23T13:50:29+00:00\" \/>\n<meta property=\"og:image\" content=\"https:\/\/shop-ch.lafabriquecornu.ch\/wp-content\/uploads\/face_sables-erable.webp\" \/>\n\t<meta property=\"og:image:width\" content=\"800\" \/>\n\t<meta property=\"og:image:height\" content=\"900\" \/>\n\t<meta property=\"og:image:type\" content=\"image\/webp\" \/>\n<meta name=\"twitter:card\" content=\"summary_large_image\" \/>\n<meta name=\"twitter:label1\" content=\"Dur\u00e9e de lecture estim\u00e9e\" \/>\n\t<meta name=\"twitter:data1\" content=\"1 minute\" \/>\n<script type=\"application\/ld+json\" class=\"yoast-schema-graph\">{\"@context\":\"https:\\\/\\\/schema.org\",\"@graph\":[{\"@type\":\"WebPage\",\"@id\":\"https:\\\/\\\/shop-ch.lafabriquecornu.ch\\\/fr\\\/produit\\\/sables-a-lerable\\\/\",\"url\":\"https:\\\/\\\/shop-ch.lafabriquecornu.ch\\\/fr\\\/produit\\\/sables-a-lerable\\\/\",\"name\":\"Sabl\u00e9s \u00e0 l'\u00e9rable - La Fabrique Cornu Shop Suisse\",\"isPartOf\":{\"@id\":\"https:\\\/\\\/shop-ch.lafabriquecornu.ch\\\/fr\\\/#website\"},\"primaryImageOfPage\":{\"@id\":\"https:\\\/\\\/shop-ch.lafabriquecornu.ch\\\/fr\\\/produit\\\/sables-a-lerable\\\/#primaryimage\"},\"image\":{\"@id\":\"https:\\\/\\\/shop-ch.lafabriquecornu.ch\\\/fr\\\/produit\\\/sables-a-lerable\\\/#primaryimage\"},\"thumbnailUrl\":\"https:\\\/\\\/shop-ch.lafabriquecornu.ch\\\/wp-content\\\/uploads\\\/face_sables-erable.webp\",\"datePublished\":\"2024-03-04T09:33:08+00:00\",\"dateModified\":\"2025-09-23T13:50:29+00:00\",\"description\":\"Sabl\u00e9s au sirop d'\u00e9rable\",\"breadcrumb\":{\"@id\":\"https:\\\/\\\/shop-ch.lafabriquecornu.ch\\\/fr\\\/produit\\\/sables-a-lerable\\\/#breadcrumb\"},\"inLanguage\":\"fr-FR\",\"potentialAction\":[{\"@type\":\"ReadAction\",\"target\":[\"https:\\\/\\\/shop-ch.lafabriquecornu.ch\\\/fr\\\/produit\\\/sables-a-lerable\\\/\"]}]},{\"@type\":\"ImageObject\",\"inLanguage\":\"fr-FR\",\"@id\":\"https:\\\/\\\/shop-ch.lafabriquecornu.ch\\\/fr\\\/produit\\\/sables-a-lerable\\\/#primaryimage\",\"url\":\"https:\\\/\\\/shop-ch.lafabriquecornu.ch\\\/wp-content\\\/uploads\\\/face_sables-erable.webp\",\"contentUrl\":\"https:\\\/\\\/shop-ch.lafabriquecornu.ch\\\/wp-content\\\/uploads\\\/face_sables-erable.webp\",\"width\":800,\"height\":900,\"caption\":\"sabl\u00e9s \u00e0 l'\u00e9rable\"},{\"@type\":\"BreadcrumbList\",\"@id\":\"https:\\\/\\\/shop-ch.lafabriquecornu.ch\\\/fr\\\/produit\\\/sables-a-lerable\\\/#breadcrumb\",\"itemListElement\":[{\"@type\":\"ListItem\",\"position\":1,\"name\":\"Accueil\",\"item\":\"https:\\\/\\\/shop-ch.lafabriquecornu.ch\\\/fr\\\/\"},{\"@type\":\"ListItem\",\"position\":2,\"name\":\"Tous les produits\",\"item\":\"https:\\\/\\\/shop-ch.lafabriquecornu.ch\\\/fr\\\/boutique\\\/\"},{\"@type\":\"ListItem\",\"position\":3,\"name\":\"Sabl\u00e9s \u00e0 l&rsquo;\u00e9rable\"}]},{\"@type\":\"WebSite\",\"@id\":\"https:\\\/\\\/shop-ch.lafabriquecornu.ch\\\/fr\\\/#website\",\"url\":\"https:\\\/\\\/shop-ch.lafabriquecornu.ch\\\/fr\\\/\",\"name\":\"La Fabrique Cornu\",\"description\":\"\",\"publisher\":{\"@id\":\"https:\\\/\\\/shop-ch.lafabriquecornu.ch\\\/fr\\\/#organization\"},\"potentialAction\":[{\"@type\":\"SearchAction\",\"target\":{\"@type\":\"EntryPoint\",\"urlTemplate\":\"https:\\\/\\\/shop-ch.lafabriquecornu.ch\\\/fr\\\/?s={search_term_string}\"},\"query-input\":{\"@type\":\"PropertyValueSpecification\",\"valueRequired\":true,\"valueName\":\"search_term_string\"}}],\"inLanguage\":\"fr-FR\"},{\"@type\":\"Organization\",\"@id\":\"https:\\\/\\\/shop-ch.lafabriquecornu.ch\\\/fr\\\/#organization\",\"name\":\"La Fabrique Cornu\",\"url\":\"https:\\\/\\\/shop-ch.lafabriquecornu.ch\\\/fr\\\/\",\"logo\":{\"@type\":\"ImageObject\",\"inLanguage\":\"fr-FR\",\"@id\":\"https:\\\/\\\/shop-ch.lafabriquecornu.ch\\\/fr\\\/#\\\/schema\\\/logo\\\/image\\\/\",\"url\":\"https:\\\/\\\/shop-ch.lafabriquecornu.ch\\\/wp-content\\\/uploads\\\/lafabrique-logo.svg\",\"contentUrl\":\"https:\\\/\\\/shop-ch.lafabriquecornu.ch\\\/wp-content\\\/uploads\\\/lafabrique-logo.svg\",\"width\":1,\"height\":1,\"caption\":\"La Fabrique Cornu\"},\"image\":{\"@id\":\"https:\\\/\\\/shop-ch.lafabriquecornu.ch\\\/fr\\\/#\\\/schema\\\/logo\\\/image\\\/\"},\"sameAs\":[\"https:\\\/\\\/facebook.com\\\/lafabriquecornu\",\"https:\\\/\\\/www.instagram.com\\\/lafabriquech\",\"https:\\\/\\\/www.youtube.com\\\/@lafabrique-museeinteractif4254\"]}]}<\/script>\n<!-- \/ Yoast SEO plugin. -->","yoast_head_json":{"title":"Sabl\u00e9s \u00e0 l'\u00e9rable - La Fabrique Cornu Shop Suisse","description":"Sabl\u00e9s au sirop d'\u00e9rable","robots":{"index":"index","follow":"follow","max-snippet":"max-snippet:-1","max-image-preview":"max-image-preview:large","max-video-preview":"max-video-preview:-1"},"canonical":"https:\/\/shop-ch.lafabriquecornu.ch\/fr\/produit\/sables-a-lerable\/","og_locale":"fr_FR","og_type":"article","og_title":"Sabl\u00e9s \u00e0 l'\u00e9rable - La Fabrique Cornu Shop Suisse","og_description":"Sabl\u00e9s au sirop d'\u00e9rable","og_url":"https:\/\/shop-ch.lafabriquecornu.ch\/fr\/produit\/sables-a-lerable\/","og_site_name":"La Fabrique Cornu Shop Suisse","article_publisher":"https:\/\/facebook.com\/lafabriquecornu","article_modified_time":"2025-09-23T13:50:29+00:00","og_image":[{"width":800,"height":900,"url":"https:\/\/shop-ch.lafabriquecornu.ch\/wp-content\/uploads\/face_sables-erable.webp","type":"image\/webp"}],"twitter_card":"summary_large_image","twitter_misc":{"Dur\u00e9e de lecture estim\u00e9e":"1 minute"},"schema":{"@context":"https:\/\/schema.org","@graph":[{"@type":"WebPage","@id":"https:\/\/shop-ch.lafabriquecornu.ch\/fr\/produit\/sables-a-lerable\/","url":"https:\/\/shop-ch.lafabriquecornu.ch\/fr\/produit\/sables-a-lerable\/","name":"Sabl\u00e9s \u00e0 l'\u00e9rable - La Fabrique Cornu Shop Suisse","isPartOf":{"@id":"https:\/\/shop-ch.lafabriquecornu.ch\/fr\/#website"},"primaryImageOfPage":{"@id":"https:\/\/shop-ch.lafabriquecornu.ch\/fr\/produit\/sables-a-lerable\/#primaryimage"},"image":{"@id":"https:\/\/shop-ch.lafabriquecornu.ch\/fr\/produit\/sables-a-lerable\/#primaryimage"},"thumbnailUrl":"https:\/\/shop-ch.lafabriquecornu.ch\/wp-content\/uploads\/face_sables-erable.webp","datePublished":"2024-03-04T09:33:08+00:00","dateModified":"2025-09-23T13:50:29+00:00","description":"Sabl\u00e9s au sirop d'\u00e9rable","breadcrumb":{"@id":"https:\/\/shop-ch.lafabriquecornu.ch\/fr\/produit\/sables-a-lerable\/#breadcrumb"},"inLanguage":"fr-FR","potentialAction":[{"@type":"ReadAction","target":["https:\/\/shop-ch.lafabriquecornu.ch\/fr\/produit\/sables-a-lerable\/"]}]},{"@type":"ImageObject","inLanguage":"fr-FR","@id":"https:\/\/shop-ch.lafabriquecornu.ch\/fr\/produit\/sables-a-lerable\/#primaryimage","url":"https:\/\/shop-ch.lafabriquecornu.ch\/wp-content\/uploads\/face_sables-erable.webp","contentUrl":"https:\/\/shop-ch.lafabriquecornu.ch\/wp-content\/uploads\/face_sables-erable.webp","width":800,"height":900,"caption":"sabl\u00e9s \u00e0 l'\u00e9rable"},{"@type":"BreadcrumbList","@id":"https:\/\/shop-ch.lafabriquecornu.ch\/fr\/produit\/sables-a-lerable\/#breadcrumb","itemListElement":[{"@type":"ListItem","position":1,"name":"Accueil","item":"https:\/\/shop-ch.lafabriquecornu.ch\/fr\/"},{"@type":"ListItem","position":2,"name":"Tous les produits","item":"https:\/\/shop-ch.lafabriquecornu.ch\/fr\/boutique\/"},{"@type":"ListItem","position":3,"name":"Sabl\u00e9s \u00e0 l&rsquo;\u00e9rable"}]},{"@type":"WebSite","@id":"https:\/\/shop-ch.lafabriquecornu.ch\/fr\/#website","url":"https:\/\/shop-ch.lafabriquecornu.ch\/fr\/","name":"La Fabrique Cornu","description":"","publisher":{"@id":"https:\/\/shop-ch.lafabriquecornu.ch\/fr\/#organization"},"potentialAction":[{"@type":"SearchAction","target":{"@type":"EntryPoint","urlTemplate":"https:\/\/shop-ch.lafabriquecornu.ch\/fr\/?s={search_term_string}"},"query-input":{"@type":"PropertyValueSpecification","valueRequired":true,"valueName":"search_term_string"}}],"inLanguage":"fr-FR"},{"@type":"Organization","@id":"https:\/\/shop-ch.lafabriquecornu.ch\/fr\/#organization","name":"La Fabrique Cornu","url":"https:\/\/shop-ch.lafabriquecornu.ch\/fr\/","logo":{"@type":"ImageObject","inLanguage":"fr-FR","@id":"https:\/\/shop-ch.lafabriquecornu.ch\/fr\/#\/schema\/logo\/image\/","url":"https:\/\/shop-ch.lafabriquecornu.ch\/wp-content\/uploads\/lafabrique-logo.svg","contentUrl":"https:\/\/shop-ch.lafabriquecornu.ch\/wp-content\/uploads\/lafabrique-logo.svg","width":1,"height":1,"caption":"La Fabrique Cornu"},"image":{"@id":"https:\/\/shop-ch.lafabriquecornu.ch\/fr\/#\/schema\/logo\/image\/"},"sameAs":["https:\/\/facebook.com\/lafabriquecornu","https:\/\/www.instagram.com\/lafabriquech","https:\/\/www.youtube.com\/@lafabrique-museeinteractif4254"]}]}},"_links":{"self":[{"href":"https:\/\/shop-ch.lafabriquecornu.ch\/fr\/wp-json\/wp\/v2\/product\/1989","targetHints":{"allow":["GET"]}}],"collection":[{"href":"https:\/\/shop-ch.lafabriquecornu.ch\/fr\/wp-json\/wp\/v2\/product"}],"about":[{"href":"https:\/\/shop-ch.lafabriquecornu.ch\/fr\/wp-json\/wp\/v2\/types\/product"}],"wp:featuredmedia":[{"embeddable":true,"href":"https:\/\/shop-ch.lafabriquecornu.ch\/fr\/wp-json\/wp\/v2\/media\/1907"}],"wp:attachment":[{"href":"https:\/\/shop-ch.lafabriquecornu.ch\/fr\/wp-json\/wp\/v2\/media?parent=1989"}],"wp:term":[{"taxonomy":"product_brand","embeddable":true,"href":"https:\/\/shop-ch.lafabriquecornu.ch\/fr\/wp-json\/wp\/v2\/product_brand?post=1989"},{"taxonomy":"product_cat","embeddable":true,"href":"https:\/\/shop-ch.lafabriquecornu.ch\/fr\/wp-json\/wp\/v2\/product_cat?post=1989"},{"taxonomy":"product_tag","embeddable":true,"href":"https:\/\/shop-ch.lafabriquecornu.ch\/fr\/wp-json\/wp\/v2\/product_tag?post=1989"},{"taxonomy":"giftcard-category","embeddable":true,"href":"https:\/\/shop-ch.lafabriquecornu.ch\/fr\/wp-json\/wp\/v2\/giftcard-category?post=1989"}],"curies":[{"name":"wp","href":"https:\/\/api.w.org\/{rel}","templated":true}]}}