{"id":1665,"date":"2024-03-04T10:33:16","date_gmt":"2024-03-04T09:33:16","guid":{"rendered":"https:\/\/shop-ch.lafabriquecornu.ch\/?post_type=product&#038;p=1665"},"modified":"2026-02-20T15:00:20","modified_gmt":"2026-02-20T14:00:20","slug":"crackers-multicereales","status":"publish","type":"product","link":"https:\/\/shop-ch.lafabriquecornu.ch\/fr\/produit\/crackers-multicereales\/","title":{"rendered":"Crackers multic\u00e9r\u00e9ales"},"content":{"rendered":"<div class=\"wp-block-ub-content-toggle padding-top-l wp-block-ub-content-toggle-block\" id=\"ub-content-toggle-block-6290f3cd-e3f1-4bef-a15f-7a9593c622d9\" data-mobilecollapse=\"true\" data-desktopcollapse=\"true\" data-preventcollapse=\"false\" data-showonlyone=\"false\">\n<div class=\"wp-block-ub-content-toggle-accordion\" style=\"border-color: #f1f1f1; \" id=\"ub-content-toggle-panel-block-09078228-124a-45ba-8529-a281458d1411\">\n\t\t\t<div class=\"wp-block-ub-content-toggle-accordion-title-wrap\" style=\"background-color: #f1f1f1;\" aria-controls=\"ub-content-toggle-panel-0-6290f3cd-e3f1-4bef-a15f-7a9593c622d9\" tabindex=\"0\">\n\t\t\t<p class=\"wp-block-ub-content-toggle-accordion-title ub-content-toggle-title-6290f3cd-e3f1-4bef-a15f-7a9593c622d9\" style=\"color: #000000; \">INGR\u00e9DIENTS<\/p>\n\t\t\t<div class=\"wp-block-ub-content-toggle-accordion-toggle-wrap right\" style=\"color: #000000;\"><span class=\"wp-block-ub-content-toggle-accordion-state-indicator wp-block-ub-chevron-down\"><\/span><\/div>\n\t\t<\/div>\n\t\t\t<div role=\"region\" aria-expanded=\"false\" class=\"wp-block-ub-content-toggle-accordion-content-wrap ub-hide\" id=\"ub-content-toggle-panel-0-6290f3cd-e3f1-4bef-a15f-7a9593c622d9\">\n\n<div class=\"wp-block-columns is-layout-flex wp-container-core-columns-is-layout-9d6595d7 wp-block-columns-is-layout-flex\">\n<div class=\"wp-block-column is-layout-flow wp-block-column-is-layout-flow\">\n<p>Flocons d\u2019avoine sans gluten, semoule de ma\u00efs, farine d\u2019avoine sans gluten, farine de riz, huile de tournesol, amidon de ma\u00efs, sel iod\u00e9, \u00e9paississant (gomme de guar), agent levant (bicarbonate de sodium). <strong>Peut contenir des traces de graines de s\u00e9same.<br><\/strong>(*Produits issus de l\u2019agriculture biologique).<\/p>\n<\/div>\n<\/div>\n\n<\/div>\n\t\t<\/div>\n\n<div class=\"wp-block-ub-content-toggle-accordion\" style=\"border-color: #f1f1f1; \" id=\"ub-content-toggle-panel-block-85cb07e7-31f8-494c-8377-889dbbaafd18\">\n\t\t\t<div class=\"wp-block-ub-content-toggle-accordion-title-wrap\" style=\"background-color: #f1f1f1;\" aria-controls=\"ub-content-toggle-panel-1-6290f3cd-e3f1-4bef-a15f-7a9593c622d9\" tabindex=\"0\">\n\t\t\t<p class=\"wp-block-ub-content-toggle-accordion-title ub-content-toggle-title-6290f3cd-e3f1-4bef-a15f-7a9593c622d9\" style=\"color: #000000; \">DONN\u00c9ES NUTRITIONNELLES<\/p>\n\t\t\t<div class=\"wp-block-ub-content-toggle-accordion-toggle-wrap right\" style=\"color: #000000;\"><span class=\"wp-block-ub-content-toggle-accordion-state-indicator wp-block-ub-chevron-down\"><\/span><\/div>\n\t\t<\/div>\n\t\t\t<div role=\"region\" aria-expanded=\"false\" class=\"wp-block-ub-content-toggle-accordion-content-wrap ub-hide\" id=\"ub-content-toggle-panel-1-6290f3cd-e3f1-4bef-a15f-7a9593c622d9\">\n\n<figure class=\"wp-block-table\"><table><tbody><tr><th class=\"has-text-align-left\" data-align=\"left\"><strong>Valeurs \u00e9nerg\u00e9tiques et nutritionnelles\u00a0moyennes<\/strong><\/th><th class=\"has-text-align-left\" data-align=\"left\">100g<\/th><th class=\"has-text-align-left\" data-align=\"left\">22g<\/th><td><strong>AR*<\/strong><\/td><\/tr><tr><td class=\"has-text-align-left\" data-align=\"left\">Valeur \u00e9nerg\u00e9tique (kJ) \/ (kcal)<\/td><td class=\"has-text-align-left\" data-align=\"left\">1387\/330<\/td><td class=\"has-text-align-left\" data-align=\"left\">309\/73<\/td><td>4%<\/td><\/tr><tr><td class=\"has-text-align-left\" data-align=\"left\">Mati\u00e8res grasses\u00a0(g)<\/td><td class=\"has-text-align-left\" data-align=\"left\">10<\/td><td class=\"has-text-align-left\" data-align=\"left\">2.2<\/td><td>3%<\/td><\/tr><tr><td class=\"has-text-align-left\" data-align=\"left\">dont acides gras satur\u00e9s\u00a0(g)<\/td><td class=\"has-text-align-left\" data-align=\"left\">1.4<\/td><td class=\"has-text-align-left\" data-align=\"left\">0.3<\/td><td>2%<\/td><\/tr><tr><td class=\"has-text-align-left\" data-align=\"left\">Glucides\u00a0(g)<\/td><td class=\"has-text-align-left\" data-align=\"left\">49<\/td><td class=\"has-text-align-left\" data-align=\"left\">11<\/td><td>4%<\/td><\/tr><tr><td class=\"has-text-align-left\" data-align=\"left\">dont sucres\u00a0(g)<\/td><td class=\"has-text-align-left\" data-align=\"left\">0.7<\/td><td class=\"has-text-align-left\" data-align=\"left\">0.2<\/td><td>0%<\/td><\/tr><tr><td class=\"has-text-align-left\" data-align=\"left\">Fibres alimentaires\u00a0(g)<\/td><td class=\"has-text-align-left\" data-align=\"left\">6<\/td><td class=\"has-text-align-left\" data-align=\"left\">1.3<\/td><td>\u2013<\/td><\/tr><tr><td class=\"has-text-align-left\" data-align=\"left\">Prot\u00e9ines\u00a0(g)<\/td><td class=\"has-text-align-left\" data-align=\"left\">8<\/td><td class=\"has-text-align-left\" data-align=\"left\">1.8<\/td><td>4%<\/td><\/tr><tr><td class=\"has-text-align-left\" data-align=\"left\">Sel\u00a0(g)<\/td><td class=\"has-text-align-left\" data-align=\"left\">1.9<\/td><td class=\"has-text-align-left\" data-align=\"left\">0.42<\/td><td>7%<\/td><\/tr><\/tbody><\/table><\/figure>\n\n<\/div>\n\t\t<\/div>\n<\/div>","protected":false},"excerpt":{"rendered":"<p>Le Cracker nature sans gluten bio\u00a0est compos\u00e9 de diverses c\u00e9r\u00e9ales issues d\u2019une rigoureuse s\u00e9lection. Riche en fibres alimentaires, il poss\u00e8de un go\u00fbt \u00e0 la fois savoureux et raffin\u00e9.<\/p>\n<p><strong>Poids:<\/strong> 160g<\/p>\n","protected":false},"featured_media":1653,"template":"","meta":[],"product_brand":[],"product_cat":[42,53,41],"product_tag":[],"giftcard-category":[],"class_list":{"0":"post-1665","1":"product","2":"type-product","3":"status-publish","4":"has-post-thumbnail","6":"product_cat-bio","7":"product_cat-pains-croustillants","8":"product_cat-sans-gluten","10":"first","11":"instock","12":"taxable","13":"shipping-taxable","14":"purchasable","15":"product-type-simple"},"yoast_head":"<!-- This site is optimized with the Yoast SEO plugin v27.4 - https:\/\/yoast.com\/product\/yoast-seo-wordpress\/ -->\n<title>Crackers multic\u00e9r\u00e9ales - La Fabrique Cornu Shop Suisse<\/title>\n<meta name=\"description\" content=\"Le Cracker nature sans gluten bio\u00a0est compos\u00e9 de diverses c\u00e9r\u00e9ales issues d\u2019une rigoureuse s\u00e9lection. Riche en fibres alimentaires, il poss\u00e8de un go\u00fbt \u00e0 la fois savoureux et raffin\u00e9.\" \/>\n<meta name=\"robots\" content=\"index, follow, max-snippet:-1, max-image-preview:large, max-video-preview:-1\" \/>\n<link rel=\"canonical\" href=\"https:\/\/shop-ch.lafabriquecornu.ch\/fr\/produit\/crackers-multicereales\/\" \/>\n<meta property=\"og:locale\" content=\"fr_FR\" \/>\n<meta property=\"og:type\" content=\"article\" \/>\n<meta property=\"og:title\" content=\"Crackers multic\u00e9r\u00e9ales - La Fabrique Cornu Shop Suisse\" \/>\n<meta property=\"og:description\" content=\"Le Cracker nature sans gluten bio\u00a0est compos\u00e9 de diverses c\u00e9r\u00e9ales issues d\u2019une rigoureuse s\u00e9lection. Riche en fibres alimentaires, il poss\u00e8de un go\u00fbt \u00e0 la fois savoureux et raffin\u00e9.\" \/>\n<meta property=\"og:url\" content=\"https:\/\/shop-ch.lafabriquecornu.ch\/fr\/produit\/crackers-multicereales\/\" \/>\n<meta property=\"og:site_name\" content=\"La Fabrique Cornu Shop Suisse\" \/>\n<meta property=\"article:publisher\" content=\"https:\/\/facebook.com\/lafabriquecornu\" \/>\n<meta property=\"article:modified_time\" content=\"2026-02-20T14:00:20+00:00\" \/>\n<meta property=\"og:image\" content=\"https:\/\/shop-ch.lafabriquecornu.ch\/wp-content\/uploads\/face_crackers-nature-sans-gluten-pastille.png\" \/>\n\t<meta property=\"og:image:width\" content=\"800\" \/>\n\t<meta property=\"og:image:height\" content=\"900\" \/>\n\t<meta property=\"og:image:type\" content=\"image\/png\" \/>\n<meta name=\"twitter:card\" content=\"summary_large_image\" \/>\n<meta name=\"twitter:label1\" content=\"Dur\u00e9e de lecture estim\u00e9e\" \/>\n\t<meta name=\"twitter:data1\" content=\"1 minute\" \/>\n<script type=\"application\/ld+json\" class=\"yoast-schema-graph\">{\"@context\":\"https:\\\/\\\/schema.org\",\"@graph\":[{\"@type\":\"WebPage\",\"@id\":\"https:\\\/\\\/shop-ch.lafabriquecornu.ch\\\/fr\\\/produit\\\/crackers-multicereales\\\/\",\"url\":\"https:\\\/\\\/shop-ch.lafabriquecornu.ch\\\/fr\\\/produit\\\/crackers-multicereales\\\/\",\"name\":\"Crackers multic\u00e9r\u00e9ales - La Fabrique Cornu Shop Suisse\",\"isPartOf\":{\"@id\":\"https:\\\/\\\/shop-ch.lafabriquecornu.ch\\\/fr\\\/#website\"},\"primaryImageOfPage\":{\"@id\":\"https:\\\/\\\/shop-ch.lafabriquecornu.ch\\\/fr\\\/produit\\\/crackers-multicereales\\\/#primaryimage\"},\"image\":{\"@id\":\"https:\\\/\\\/shop-ch.lafabriquecornu.ch\\\/fr\\\/produit\\\/crackers-multicereales\\\/#primaryimage\"},\"thumbnailUrl\":\"https:\\\/\\\/shop-ch.lafabriquecornu.ch\\\/wp-content\\\/uploads\\\/face_crackers-nature-sans-gluten-pastille.png\",\"datePublished\":\"2024-03-04T09:33:16+00:00\",\"dateModified\":\"2026-02-20T14:00:20+00:00\",\"description\":\"Le Cracker nature sans gluten bio\u00a0est compos\u00e9 de diverses c\u00e9r\u00e9ales issues d\u2019une rigoureuse s\u00e9lection. Riche en fibres alimentaires, il poss\u00e8de un go\u00fbt \u00e0 la fois savoureux et raffin\u00e9.\",\"breadcrumb\":{\"@id\":\"https:\\\/\\\/shop-ch.lafabriquecornu.ch\\\/fr\\\/produit\\\/crackers-multicereales\\\/#breadcrumb\"},\"inLanguage\":\"fr-FR\",\"potentialAction\":[{\"@type\":\"ReadAction\",\"target\":[\"https:\\\/\\\/shop-ch.lafabriquecornu.ch\\\/fr\\\/produit\\\/crackers-multicereales\\\/\"]}]},{\"@type\":\"ImageObject\",\"inLanguage\":\"fr-FR\",\"@id\":\"https:\\\/\\\/shop-ch.lafabriquecornu.ch\\\/fr\\\/produit\\\/crackers-multicereales\\\/#primaryimage\",\"url\":\"https:\\\/\\\/shop-ch.lafabriquecornu.ch\\\/wp-content\\\/uploads\\\/face_crackers-nature-sans-gluten-pastille.png\",\"contentUrl\":\"https:\\\/\\\/shop-ch.lafabriquecornu.ch\\\/wp-content\\\/uploads\\\/face_crackers-nature-sans-gluten-pastille.png\",\"width\":800,\"height\":900,\"caption\":\"crackers mutlic\u00e9r\u00e9ales\"},{\"@type\":\"BreadcrumbList\",\"@id\":\"https:\\\/\\\/shop-ch.lafabriquecornu.ch\\\/fr\\\/produit\\\/crackers-multicereales\\\/#breadcrumb\",\"itemListElement\":[{\"@type\":\"ListItem\",\"position\":1,\"name\":\"Accueil\",\"item\":\"https:\\\/\\\/shop-ch.lafabriquecornu.ch\\\/fr\\\/\"},{\"@type\":\"ListItem\",\"position\":2,\"name\":\"Tous les produits\",\"item\":\"https:\\\/\\\/shop-ch.lafabriquecornu.ch\\\/fr\\\/boutique\\\/\"},{\"@type\":\"ListItem\",\"position\":3,\"name\":\"Crackers multic\u00e9r\u00e9ales\"}]},{\"@type\":\"WebSite\",\"@id\":\"https:\\\/\\\/shop-ch.lafabriquecornu.ch\\\/fr\\\/#website\",\"url\":\"https:\\\/\\\/shop-ch.lafabriquecornu.ch\\\/fr\\\/\",\"name\":\"La Fabrique Cornu\",\"description\":\"\",\"publisher\":{\"@id\":\"https:\\\/\\\/shop-ch.lafabriquecornu.ch\\\/fr\\\/#organization\"},\"potentialAction\":[{\"@type\":\"SearchAction\",\"target\":{\"@type\":\"EntryPoint\",\"urlTemplate\":\"https:\\\/\\\/shop-ch.lafabriquecornu.ch\\\/fr\\\/?s={search_term_string}\"},\"query-input\":{\"@type\":\"PropertyValueSpecification\",\"valueRequired\":true,\"valueName\":\"search_term_string\"}}],\"inLanguage\":\"fr-FR\"},{\"@type\":\"Organization\",\"@id\":\"https:\\\/\\\/shop-ch.lafabriquecornu.ch\\\/fr\\\/#organization\",\"name\":\"La Fabrique Cornu\",\"url\":\"https:\\\/\\\/shop-ch.lafabriquecornu.ch\\\/fr\\\/\",\"logo\":{\"@type\":\"ImageObject\",\"inLanguage\":\"fr-FR\",\"@id\":\"https:\\\/\\\/shop-ch.lafabriquecornu.ch\\\/fr\\\/#\\\/schema\\\/logo\\\/image\\\/\",\"url\":\"https:\\\/\\\/shop-ch.lafabriquecornu.ch\\\/wp-content\\\/uploads\\\/lafabrique-logo.svg\",\"contentUrl\":\"https:\\\/\\\/shop-ch.lafabriquecornu.ch\\\/wp-content\\\/uploads\\\/lafabrique-logo.svg\",\"width\":1,\"height\":1,\"caption\":\"La Fabrique Cornu\"},\"image\":{\"@id\":\"https:\\\/\\\/shop-ch.lafabriquecornu.ch\\\/fr\\\/#\\\/schema\\\/logo\\\/image\\\/\"},\"sameAs\":[\"https:\\\/\\\/facebook.com\\\/lafabriquecornu\",\"https:\\\/\\\/www.instagram.com\\\/lafabriquech\",\"https:\\\/\\\/www.youtube.com\\\/@lafabrique-museeinteractif4254\"]}]}<\/script>\n<!-- \/ Yoast SEO plugin. -->","yoast_head_json":{"title":"Crackers multic\u00e9r\u00e9ales - La Fabrique Cornu Shop Suisse","description":"Le Cracker nature sans gluten bio\u00a0est compos\u00e9 de diverses c\u00e9r\u00e9ales issues d\u2019une rigoureuse s\u00e9lection. Riche en fibres alimentaires, il poss\u00e8de un go\u00fbt \u00e0 la fois savoureux et raffin\u00e9.","robots":{"index":"index","follow":"follow","max-snippet":"max-snippet:-1","max-image-preview":"max-image-preview:large","max-video-preview":"max-video-preview:-1"},"canonical":"https:\/\/shop-ch.lafabriquecornu.ch\/fr\/produit\/crackers-multicereales\/","og_locale":"fr_FR","og_type":"article","og_title":"Crackers multic\u00e9r\u00e9ales - La Fabrique Cornu Shop Suisse","og_description":"Le Cracker nature sans gluten bio\u00a0est compos\u00e9 de diverses c\u00e9r\u00e9ales issues d\u2019une rigoureuse s\u00e9lection. Riche en fibres alimentaires, il poss\u00e8de un go\u00fbt \u00e0 la fois savoureux et raffin\u00e9.","og_url":"https:\/\/shop-ch.lafabriquecornu.ch\/fr\/produit\/crackers-multicereales\/","og_site_name":"La Fabrique Cornu Shop Suisse","article_publisher":"https:\/\/facebook.com\/lafabriquecornu","article_modified_time":"2026-02-20T14:00:20+00:00","og_image":[{"width":800,"height":900,"url":"https:\/\/shop-ch.lafabriquecornu.ch\/wp-content\/uploads\/face_crackers-nature-sans-gluten-pastille.png","type":"image\/png"}],"twitter_card":"summary_large_image","twitter_misc":{"Dur\u00e9e de lecture estim\u00e9e":"1 minute"},"schema":{"@context":"https:\/\/schema.org","@graph":[{"@type":"WebPage","@id":"https:\/\/shop-ch.lafabriquecornu.ch\/fr\/produit\/crackers-multicereales\/","url":"https:\/\/shop-ch.lafabriquecornu.ch\/fr\/produit\/crackers-multicereales\/","name":"Crackers multic\u00e9r\u00e9ales - La Fabrique Cornu Shop Suisse","isPartOf":{"@id":"https:\/\/shop-ch.lafabriquecornu.ch\/fr\/#website"},"primaryImageOfPage":{"@id":"https:\/\/shop-ch.lafabriquecornu.ch\/fr\/produit\/crackers-multicereales\/#primaryimage"},"image":{"@id":"https:\/\/shop-ch.lafabriquecornu.ch\/fr\/produit\/crackers-multicereales\/#primaryimage"},"thumbnailUrl":"https:\/\/shop-ch.lafabriquecornu.ch\/wp-content\/uploads\/face_crackers-nature-sans-gluten-pastille.png","datePublished":"2024-03-04T09:33:16+00:00","dateModified":"2026-02-20T14:00:20+00:00","description":"Le Cracker nature sans gluten bio\u00a0est compos\u00e9 de diverses c\u00e9r\u00e9ales issues d\u2019une rigoureuse s\u00e9lection. Riche en fibres alimentaires, il poss\u00e8de un go\u00fbt \u00e0 la fois savoureux et raffin\u00e9.","breadcrumb":{"@id":"https:\/\/shop-ch.lafabriquecornu.ch\/fr\/produit\/crackers-multicereales\/#breadcrumb"},"inLanguage":"fr-FR","potentialAction":[{"@type":"ReadAction","target":["https:\/\/shop-ch.lafabriquecornu.ch\/fr\/produit\/crackers-multicereales\/"]}]},{"@type":"ImageObject","inLanguage":"fr-FR","@id":"https:\/\/shop-ch.lafabriquecornu.ch\/fr\/produit\/crackers-multicereales\/#primaryimage","url":"https:\/\/shop-ch.lafabriquecornu.ch\/wp-content\/uploads\/face_crackers-nature-sans-gluten-pastille.png","contentUrl":"https:\/\/shop-ch.lafabriquecornu.ch\/wp-content\/uploads\/face_crackers-nature-sans-gluten-pastille.png","width":800,"height":900,"caption":"crackers mutlic\u00e9r\u00e9ales"},{"@type":"BreadcrumbList","@id":"https:\/\/shop-ch.lafabriquecornu.ch\/fr\/produit\/crackers-multicereales\/#breadcrumb","itemListElement":[{"@type":"ListItem","position":1,"name":"Accueil","item":"https:\/\/shop-ch.lafabriquecornu.ch\/fr\/"},{"@type":"ListItem","position":2,"name":"Tous les produits","item":"https:\/\/shop-ch.lafabriquecornu.ch\/fr\/boutique\/"},{"@type":"ListItem","position":3,"name":"Crackers multic\u00e9r\u00e9ales"}]},{"@type":"WebSite","@id":"https:\/\/shop-ch.lafabriquecornu.ch\/fr\/#website","url":"https:\/\/shop-ch.lafabriquecornu.ch\/fr\/","name":"La Fabrique Cornu","description":"","publisher":{"@id":"https:\/\/shop-ch.lafabriquecornu.ch\/fr\/#organization"},"potentialAction":[{"@type":"SearchAction","target":{"@type":"EntryPoint","urlTemplate":"https:\/\/shop-ch.lafabriquecornu.ch\/fr\/?s={search_term_string}"},"query-input":{"@type":"PropertyValueSpecification","valueRequired":true,"valueName":"search_term_string"}}],"inLanguage":"fr-FR"},{"@type":"Organization","@id":"https:\/\/shop-ch.lafabriquecornu.ch\/fr\/#organization","name":"La Fabrique Cornu","url":"https:\/\/shop-ch.lafabriquecornu.ch\/fr\/","logo":{"@type":"ImageObject","inLanguage":"fr-FR","@id":"https:\/\/shop-ch.lafabriquecornu.ch\/fr\/#\/schema\/logo\/image\/","url":"https:\/\/shop-ch.lafabriquecornu.ch\/wp-content\/uploads\/lafabrique-logo.svg","contentUrl":"https:\/\/shop-ch.lafabriquecornu.ch\/wp-content\/uploads\/lafabrique-logo.svg","width":1,"height":1,"caption":"La Fabrique Cornu"},"image":{"@id":"https:\/\/shop-ch.lafabriquecornu.ch\/fr\/#\/schema\/logo\/image\/"},"sameAs":["https:\/\/facebook.com\/lafabriquecornu","https:\/\/www.instagram.com\/lafabriquech","https:\/\/www.youtube.com\/@lafabrique-museeinteractif4254"]}]}},"_links":{"self":[{"href":"https:\/\/shop-ch.lafabriquecornu.ch\/fr\/wp-json\/wp\/v2\/product\/1665","targetHints":{"allow":["GET"]}}],"collection":[{"href":"https:\/\/shop-ch.lafabriquecornu.ch\/fr\/wp-json\/wp\/v2\/product"}],"about":[{"href":"https:\/\/shop-ch.lafabriquecornu.ch\/fr\/wp-json\/wp\/v2\/types\/product"}],"wp:featuredmedia":[{"embeddable":true,"href":"https:\/\/shop-ch.lafabriquecornu.ch\/fr\/wp-json\/wp\/v2\/media\/1653"}],"wp:attachment":[{"href":"https:\/\/shop-ch.lafabriquecornu.ch\/fr\/wp-json\/wp\/v2\/media?parent=1665"}],"wp:term":[{"taxonomy":"product_brand","embeddable":true,"href":"https:\/\/shop-ch.lafabriquecornu.ch\/fr\/wp-json\/wp\/v2\/product_brand?post=1665"},{"taxonomy":"product_cat","embeddable":true,"href":"https:\/\/shop-ch.lafabriquecornu.ch\/fr\/wp-json\/wp\/v2\/product_cat?post=1665"},{"taxonomy":"product_tag","embeddable":true,"href":"https:\/\/shop-ch.lafabriquecornu.ch\/fr\/wp-json\/wp\/v2\/product_tag?post=1665"},{"taxonomy":"giftcard-category","embeddable":true,"href":"https:\/\/shop-ch.lafabriquecornu.ch\/fr\/wp-json\/wp\/v2\/giftcard-category?post=1665"}],"curies":[{"name":"wp","href":"https:\/\/api.w.org\/{rel}","templated":true}]}}