{"id":1233,"date":"2024-01-25T13:46:25","date_gmt":"2024-01-25T12:46:25","guid":{"rendered":"https:\/\/shop-ch.lafabriquecornu.ch\/?page_id=1233"},"modified":"2024-03-28T11:06:59","modified_gmt":"2024-03-28T10:06:59","slug":"brunch-au-cafe-la-fabrique","status":"publish","type":"page","link":"https:\/\/shop-ch.lafabriquecornu.ch\/fr\/brunch-au-cafe-la-fabrique\/","title":{"rendered":"BRUNCH AU CAF\u00c9 LA FABRIQUE"},"content":{"rendered":"\n<div class=\"wp-block-columns is-layout-flex wp-container-core-columns-is-layout-9d6595d7 wp-block-columns-is-layout-flex\">\n<div class=\"wp-block-column is-layout-flow wp-block-column-is-layout-flow\">\n<figure class=\"wp-block-image size-full\"><img loading=\"lazy\" decoding=\"async\" width=\"800\" height=\"900\" src=\"https:\/\/shop-ch.lafabriquecornu.ch\/wp-content\/uploads\/lafabrique-shop-brunch.webp\" alt=\"Brunch \u00e0 La Fabrique de Champagne\" class=\"wp-image-121\" srcset=\"https:\/\/shop-ch.lafabriquecornu.ch\/wp-content\/uploads\/lafabrique-shop-brunch.webp 800w, https:\/\/shop-ch.lafabriquecornu.ch\/wp-content\/uploads\/lafabrique-shop-brunch-267x300.webp 267w, https:\/\/shop-ch.lafabriquecornu.ch\/wp-content\/uploads\/lafabrique-shop-brunch-768x864.webp 768w, https:\/\/shop-ch.lafabriquecornu.ch\/wp-content\/uploads\/lafabrique-shop-brunch-390x439.webp 390w, https:\/\/shop-ch.lafabriquecornu.ch\/wp-content\/uploads\/lafabrique-shop-brunch-600x675.webp 600w\" sizes=\"auto, (max-width: 800px) 100vw, 800px\" \/><\/figure>\n<\/div>\n\n\n\n<div class=\"wp-block-column is-layout-flow wp-block-column-is-layout-flow\">\n<div data-block-name=\"woocommerce\/single-product\" data-product-id=\"715\" data-wp-context=\"{&quot;productId&quot;:715,&quot;variationId&quot;:null}\" data-wp-interactive=\"woocommerce\/single-product\" class=\"wp-block-woocommerce-single-product\">\n<div class=\"wp-block-columns is-layout-flex wp-container-core-columns-is-layout-9d6595d7 wp-block-columns-is-layout-flex\">\n<div class=\"wp-block-column is-layout-flow wp-block-column-is-layout-flow\">\n<h2 class=\"wp-block-heading\">Brunch au caf\u00e9 La Fabrique<\/h2>\n\n\n\n<p>Laissez-vous tenter par notre buffet chaud et froid, compos\u00e9 de produits maison et de la r\u00e9gion. Caf\u00e9s, th\u00e9s et jus de fruits inclus. <\/p>\n\n\n\n<p>Le brunch est servi au caf\u00e9 de La Fabrique au rez-de-chauss\u00e9e. <\/p>\n\n\n\n<p><p style=\"font-size: 13px;\">R\u00e9servation minimum 24h \u00e0 l\u2019avance. Aucun remboursement sur les achats en ligne.<\/p><\/p>\n\n\n\n<p class=\"has-medium-font-size\"><strong>1. S\u00e9lectionner la date et l&rsquo;heure<\/strong><\/p>\n\n\n<div data-block-name=\"woocommerce\/product-price\" data-is-descendent-of-single-product-block=\"true\" class=\"wp-block-woocommerce-product-price\" ><div class=\"wc-block-components-product-price wc-block-grid__product-price\" >\n\t\t\t\t\t<span class=\"woocommerce-Price-amount amount\"><bdi><span class=\"woocommerce-Price-currencySymbol\">&#67;&#72;&#70;<\/span>&nbsp;45.00<\/bdi><\/span>\n\t\t\t\t<\/div><\/div>\n\n<div data-block-name=\"woocommerce\/add-to-cart-form\" data-is-descendent-of-single-product-block=\"true\" class=\"wp-block-add-to-cart-form wc-block-add-to-cart-form product wc-block-add-to-cart-form--input wp-block-woocommerce-add-to-cart-form\" >\n<form class=\"variations_form cart\" action=\"https:\/\/shop-ch.lafabriquecornu.ch\/fr\/wp-json\/wp\/v2\/pages\/1233\/\" method=\"post\" enctype='multipart\/form-data' data-product_id=\"715\" data-product_variations=\"[{&quot;attributes&quot;:{&quot;attribute_date&quot;:&quot;2026-06-28&quot;,&quot;attribute_horaire&quot;:&quot;09:00&quot;},&quot;availability_html&quot;:&quot;&lt;p class=\\&quot;stock in-stock\\&quot;&gt;35 en stock&lt;\\\/p&gt;\\n&quot;,&quot;backorders_allowed&quot;:false,&quot;dimensions&quot;:{&quot;length&quot;:&quot;&quot;,&quot;width&quot;:&quot;&quot;,&quot;height&quot;:&quot;&quot;},&quot;dimensions_html&quot;:&quot;ND&quot;,&quot;display_price&quot;:45,&quot;display_regular_price&quot;:45,&quot;image&quot;:{&quot;title&quot;:&quot;lafabrique-shop-brunch&quot;,&quot;caption&quot;:&quot;&quot;,&quot;url&quot;:&quot;https:\\\/\\\/shop-ch.lafabriquecornu.ch\\\/wp-content\\\/uploads\\\/lafabrique-shop-brunch.webp&quot;,&quot;alt&quot;:&quot;Brunch \\u00e0 La Fabrique de Champagne&quot;,&quot;src&quot;:&quot;https:\\\/\\\/shop-ch.lafabriquecornu.ch\\\/wp-content\\\/uploads\\\/lafabrique-shop-brunch-600x675.webp&quot;,&quot;srcset&quot;:&quot;https:\\\/\\\/shop-ch.lafabriquecornu.ch\\\/wp-content\\\/uploads\\\/lafabrique-shop-brunch-600x675.webp 600w, https:\\\/\\\/shop-ch.lafabriquecornu.ch\\\/wp-content\\\/uploads\\\/lafabrique-shop-brunch-267x300.webp 267w, https:\\\/\\\/shop-ch.lafabriquecornu.ch\\\/wp-content\\\/uploads\\\/lafabrique-shop-brunch-768x864.webp 768w, https:\\\/\\\/shop-ch.lafabriquecornu.ch\\\/wp-content\\\/uploads\\\/lafabrique-shop-brunch-390x439.webp 390w, https:\\\/\\\/shop-ch.lafabriquecornu.ch\\\/wp-content\\\/uploads\\\/lafabrique-shop-brunch.webp 800w&quot;,&quot;sizes&quot;:&quot;(max-width: 600px) 100vw, 600px&quot;,&quot;full_src&quot;:&quot;https:\\\/\\\/shop-ch.lafabriquecornu.ch\\\/wp-content\\\/uploads\\\/lafabrique-shop-brunch.webp&quot;,&quot;full_src_w&quot;:800,&quot;full_src_h&quot;:900,&quot;gallery_thumbnail_src&quot;:&quot;https:\\\/\\\/shop-ch.lafabriquecornu.ch\\\/wp-content\\\/uploads\\\/lafabrique-shop-brunch-100x100.webp&quot;,&quot;gallery_thumbnail_src_w&quot;:100,&quot;gallery_thumbnail_src_h&quot;:100,&quot;thumb_src&quot;:&quot;https:\\\/\\\/shop-ch.lafabriquecornu.ch\\\/wp-content\\\/uploads\\\/lafabrique-shop-brunch-300x300.webp&quot;,&quot;thumb_src_w&quot;:300,&quot;thumb_src_h&quot;:300,&quot;src_w&quot;:600,&quot;src_h&quot;:675},&quot;image_id&quot;:121,&quot;is_downloadable&quot;:false,&quot;is_in_stock&quot;:true,&quot;is_purchasable&quot;:true,&quot;is_sold_individually&quot;:&quot;no&quot;,&quot;is_virtual&quot;:false,&quot;max_qty&quot;:35,&quot;min_qty&quot;:1,&quot;price_html&quot;:&quot;&quot;,&quot;sku&quot;:&quot;&quot;,&quot;variation_description&quot;:&quot;&quot;,&quot;variation_id&quot;:6789,&quot;variation_is_active&quot;:true,&quot;variation_is_visible&quot;:true,&quot;weight&quot;:&quot;&quot;,&quot;weight_html&quot;:&quot;ND&quot;},{&quot;attributes&quot;:{&quot;attribute_date&quot;:&quot;2026-06-28&quot;,&quot;attribute_horaire&quot;:&quot;11:00&quot;},&quot;availability_html&quot;:&quot;&lt;p class=\\&quot;stock in-stock\\&quot;&gt;22 en stock&lt;\\\/p&gt;\\n&quot;,&quot;backorders_allowed&quot;:false,&quot;dimensions&quot;:{&quot;length&quot;:&quot;&quot;,&quot;width&quot;:&quot;&quot;,&quot;height&quot;:&quot;&quot;},&quot;dimensions_html&quot;:&quot;ND&quot;,&quot;display_price&quot;:45,&quot;display_regular_price&quot;:45,&quot;image&quot;:{&quot;title&quot;:&quot;lafabrique-shop-brunch&quot;,&quot;caption&quot;:&quot;&quot;,&quot;url&quot;:&quot;https:\\\/\\\/shop-ch.lafabriquecornu.ch\\\/wp-content\\\/uploads\\\/lafabrique-shop-brunch.webp&quot;,&quot;alt&quot;:&quot;Brunch \\u00e0 La Fabrique de Champagne&quot;,&quot;src&quot;:&quot;https:\\\/\\\/shop-ch.lafabriquecornu.ch\\\/wp-content\\\/uploads\\\/lafabrique-shop-brunch-600x675.webp&quot;,&quot;srcset&quot;:&quot;https:\\\/\\\/shop-ch.lafabriquecornu.ch\\\/wp-content\\\/uploads\\\/lafabrique-shop-brunch-600x675.webp 600w, https:\\\/\\\/shop-ch.lafabriquecornu.ch\\\/wp-content\\\/uploads\\\/lafabrique-shop-brunch-267x300.webp 267w, https:\\\/\\\/shop-ch.lafabriquecornu.ch\\\/wp-content\\\/uploads\\\/lafabrique-shop-brunch-768x864.webp 768w, https:\\\/\\\/shop-ch.lafabriquecornu.ch\\\/wp-content\\\/uploads\\\/lafabrique-shop-brunch-390x439.webp 390w, https:\\\/\\\/shop-ch.lafabriquecornu.ch\\\/wp-content\\\/uploads\\\/lafabrique-shop-brunch.webp 800w&quot;,&quot;sizes&quot;:&quot;(max-width: 600px) 100vw, 600px&quot;,&quot;full_src&quot;:&quot;https:\\\/\\\/shop-ch.lafabriquecornu.ch\\\/wp-content\\\/uploads\\\/lafabrique-shop-brunch.webp&quot;,&quot;full_src_w&quot;:800,&quot;full_src_h&quot;:900,&quot;gallery_thumbnail_src&quot;:&quot;https:\\\/\\\/shop-ch.lafabriquecornu.ch\\\/wp-content\\\/uploads\\\/lafabrique-shop-brunch-100x100.webp&quot;,&quot;gallery_thumbnail_src_w&quot;:100,&quot;gallery_thumbnail_src_h&quot;:100,&quot;thumb_src&quot;:&quot;https:\\\/\\\/shop-ch.lafabriquecornu.ch\\\/wp-content\\\/uploads\\\/lafabrique-shop-brunch-300x300.webp&quot;,&quot;thumb_src_w&quot;:300,&quot;thumb_src_h&quot;:300,&quot;src_w&quot;:600,&quot;src_h&quot;:675},&quot;image_id&quot;:121,&quot;is_downloadable&quot;:false,&quot;is_in_stock&quot;:true,&quot;is_purchasable&quot;:true,&quot;is_sold_individually&quot;:&quot;no&quot;,&quot;is_virtual&quot;:false,&quot;max_qty&quot;:22,&quot;min_qty&quot;:1,&quot;price_html&quot;:&quot;&quot;,&quot;sku&quot;:&quot;&quot;,&quot;variation_description&quot;:&quot;&quot;,&quot;variation_id&quot;:6790,&quot;variation_is_active&quot;:true,&quot;variation_is_visible&quot;:true,&quot;weight&quot;:&quot;&quot;,&quot;weight_html&quot;:&quot;ND&quot;},{&quot;attributes&quot;:{&quot;attribute_date&quot;:&quot;2026-06-28&quot;,&quot;attribute_horaire&quot;:&quot;13:00&quot;},&quot;availability_html&quot;:&quot;&lt;p class=\\&quot;stock in-stock\\&quot;&gt;17 en stock&lt;\\\/p&gt;\\n&quot;,&quot;backorders_allowed&quot;:false,&quot;dimensions&quot;:{&quot;length&quot;:&quot;&quot;,&quot;width&quot;:&quot;&quot;,&quot;height&quot;:&quot;&quot;},&quot;dimensions_html&quot;:&quot;ND&quot;,&quot;display_price&quot;:45,&quot;display_regular_price&quot;:45,&quot;image&quot;:{&quot;title&quot;:&quot;lafabrique-shop-brunch&quot;,&quot;caption&quot;:&quot;&quot;,&quot;url&quot;:&quot;https:\\\/\\\/shop-ch.lafabriquecornu.ch\\\/wp-content\\\/uploads\\\/lafabrique-shop-brunch.webp&quot;,&quot;alt&quot;:&quot;Brunch \\u00e0 La Fabrique de Champagne&quot;,&quot;src&quot;:&quot;https:\\\/\\\/shop-ch.lafabriquecornu.ch\\\/wp-content\\\/uploads\\\/lafabrique-shop-brunch-600x675.webp&quot;,&quot;srcset&quot;:&quot;https:\\\/\\\/shop-ch.lafabriquecornu.ch\\\/wp-content\\\/uploads\\\/lafabrique-shop-brunch-600x675.webp 600w, https:\\\/\\\/shop-ch.lafabriquecornu.ch\\\/wp-content\\\/uploads\\\/lafabrique-shop-brunch-267x300.webp 267w, https:\\\/\\\/shop-ch.lafabriquecornu.ch\\\/wp-content\\\/uploads\\\/lafabrique-shop-brunch-768x864.webp 768w, https:\\\/\\\/shop-ch.lafabriquecornu.ch\\\/wp-content\\\/uploads\\\/lafabrique-shop-brunch-390x439.webp 390w, https:\\\/\\\/shop-ch.lafabriquecornu.ch\\\/wp-content\\\/uploads\\\/lafabrique-shop-brunch.webp 800w&quot;,&quot;sizes&quot;:&quot;(max-width: 600px) 100vw, 600px&quot;,&quot;full_src&quot;:&quot;https:\\\/\\\/shop-ch.lafabriquecornu.ch\\\/wp-content\\\/uploads\\\/lafabrique-shop-brunch.webp&quot;,&quot;full_src_w&quot;:800,&quot;full_src_h&quot;:900,&quot;gallery_thumbnail_src&quot;:&quot;https:\\\/\\\/shop-ch.lafabriquecornu.ch\\\/wp-content\\\/uploads\\\/lafabrique-shop-brunch-100x100.webp&quot;,&quot;gallery_thumbnail_src_w&quot;:100,&quot;gallery_thumbnail_src_h&quot;:100,&quot;thumb_src&quot;:&quot;https:\\\/\\\/shop-ch.lafabriquecornu.ch\\\/wp-content\\\/uploads\\\/lafabrique-shop-brunch-300x300.webp&quot;,&quot;thumb_src_w&quot;:300,&quot;thumb_src_h&quot;:300,&quot;src_w&quot;:600,&quot;src_h&quot;:675},&quot;image_id&quot;:121,&quot;is_downloadable&quot;:false,&quot;is_in_stock&quot;:true,&quot;is_purchasable&quot;:true,&quot;is_sold_individually&quot;:&quot;no&quot;,&quot;is_virtual&quot;:false,&quot;max_qty&quot;:17,&quot;min_qty&quot;:1,&quot;price_html&quot;:&quot;&quot;,&quot;sku&quot;:&quot;&quot;,&quot;variation_description&quot;:&quot;&quot;,&quot;variation_id&quot;:6791,&quot;variation_is_active&quot;:true,&quot;variation_is_visible&quot;:true,&quot;weight&quot;:&quot;&quot;,&quot;weight_html&quot;:&quot;ND&quot;},{&quot;attributes&quot;:{&quot;attribute_date&quot;:&quot;2026-05-10&quot;,&quot;attribute_horaire&quot;:&quot;09:00&quot;},&quot;availability_html&quot;:&quot;&lt;p class=\\&quot;stock in-stock\\&quot;&gt;16 en stock&lt;\\\/p&gt;\\n&quot;,&quot;backorders_allowed&quot;:false,&quot;dimensions&quot;:{&quot;length&quot;:&quot;&quot;,&quot;width&quot;:&quot;&quot;,&quot;height&quot;:&quot;&quot;},&quot;dimensions_html&quot;:&quot;ND&quot;,&quot;display_price&quot;:45,&quot;display_regular_price&quot;:45,&quot;image&quot;:{&quot;title&quot;:&quot;lafabrique-shop-brunch&quot;,&quot;caption&quot;:&quot;&quot;,&quot;url&quot;:&quot;https:\\\/\\\/shop-ch.lafabriquecornu.ch\\\/wp-content\\\/uploads\\\/lafabrique-shop-brunch.webp&quot;,&quot;alt&quot;:&quot;Brunch \\u00e0 La Fabrique de Champagne&quot;,&quot;src&quot;:&quot;https:\\\/\\\/shop-ch.lafabriquecornu.ch\\\/wp-content\\\/uploads\\\/lafabrique-shop-brunch-600x675.webp&quot;,&quot;srcset&quot;:&quot;https:\\\/\\\/shop-ch.lafabriquecornu.ch\\\/wp-content\\\/uploads\\\/lafabrique-shop-brunch-600x675.webp 600w, https:\\\/\\\/shop-ch.lafabriquecornu.ch\\\/wp-content\\\/uploads\\\/lafabrique-shop-brunch-267x300.webp 267w, https:\\\/\\\/shop-ch.lafabriquecornu.ch\\\/wp-content\\\/uploads\\\/lafabrique-shop-brunch-768x864.webp 768w, https:\\\/\\\/shop-ch.lafabriquecornu.ch\\\/wp-content\\\/uploads\\\/lafabrique-shop-brunch-390x439.webp 390w, https:\\\/\\\/shop-ch.lafabriquecornu.ch\\\/wp-content\\\/uploads\\\/lafabrique-shop-brunch.webp 800w&quot;,&quot;sizes&quot;:&quot;(max-width: 600px) 100vw, 600px&quot;,&quot;full_src&quot;:&quot;https:\\\/\\\/shop-ch.lafabriquecornu.ch\\\/wp-content\\\/uploads\\\/lafabrique-shop-brunch.webp&quot;,&quot;full_src_w&quot;:800,&quot;full_src_h&quot;:900,&quot;gallery_thumbnail_src&quot;:&quot;https:\\\/\\\/shop-ch.lafabriquecornu.ch\\\/wp-content\\\/uploads\\\/lafabrique-shop-brunch-100x100.webp&quot;,&quot;gallery_thumbnail_src_w&quot;:100,&quot;gallery_thumbnail_src_h&quot;:100,&quot;thumb_src&quot;:&quot;https:\\\/\\\/shop-ch.lafabriquecornu.ch\\\/wp-content\\\/uploads\\\/lafabrique-shop-brunch-300x300.webp&quot;,&quot;thumb_src_w&quot;:300,&quot;thumb_src_h&quot;:300,&quot;src_w&quot;:600,&quot;src_h&quot;:675},&quot;image_id&quot;:121,&quot;is_downloadable&quot;:false,&quot;is_in_stock&quot;:true,&quot;is_purchasable&quot;:true,&quot;is_sold_individually&quot;:&quot;no&quot;,&quot;is_virtual&quot;:false,&quot;max_qty&quot;:16,&quot;min_qty&quot;:1,&quot;price_html&quot;:&quot;&quot;,&quot;sku&quot;:&quot;&quot;,&quot;variation_description&quot;:&quot;&quot;,&quot;variation_id&quot;:6786,&quot;variation_is_active&quot;:true,&quot;variation_is_visible&quot;:true,&quot;weight&quot;:&quot;&quot;,&quot;weight_html&quot;:&quot;ND&quot;},{&quot;attributes&quot;:{&quot;attribute_date&quot;:&quot;2026-05-10&quot;,&quot;attribute_horaire&quot;:&quot;13:00&quot;},&quot;availability_html&quot;:&quot;&lt;p class=\\&quot;stock in-stock\\&quot;&gt;3 en stock&lt;\\\/p&gt;\\n&quot;,&quot;backorders_allowed&quot;:false,&quot;dimensions&quot;:{&quot;length&quot;:&quot;&quot;,&quot;width&quot;:&quot;&quot;,&quot;height&quot;:&quot;&quot;},&quot;dimensions_html&quot;:&quot;ND&quot;,&quot;display_price&quot;:45,&quot;display_regular_price&quot;:45,&quot;image&quot;:{&quot;title&quot;:&quot;lafabrique-shop-brunch&quot;,&quot;caption&quot;:&quot;&quot;,&quot;url&quot;:&quot;https:\\\/\\\/shop-ch.lafabriquecornu.ch\\\/wp-content\\\/uploads\\\/lafabrique-shop-brunch.webp&quot;,&quot;alt&quot;:&quot;Brunch \\u00e0 La Fabrique de Champagne&quot;,&quot;src&quot;:&quot;https:\\\/\\\/shop-ch.lafabriquecornu.ch\\\/wp-content\\\/uploads\\\/lafabrique-shop-brunch-600x675.webp&quot;,&quot;srcset&quot;:&quot;https:\\\/\\\/shop-ch.lafabriquecornu.ch\\\/wp-content\\\/uploads\\\/lafabrique-shop-brunch-600x675.webp 600w, https:\\\/\\\/shop-ch.lafabriquecornu.ch\\\/wp-content\\\/uploads\\\/lafabrique-shop-brunch-267x300.webp 267w, https:\\\/\\\/shop-ch.lafabriquecornu.ch\\\/wp-content\\\/uploads\\\/lafabrique-shop-brunch-768x864.webp 768w, https:\\\/\\\/shop-ch.lafabriquecornu.ch\\\/wp-content\\\/uploads\\\/lafabrique-shop-brunch-390x439.webp 390w, https:\\\/\\\/shop-ch.lafabriquecornu.ch\\\/wp-content\\\/uploads\\\/lafabrique-shop-brunch.webp 800w&quot;,&quot;sizes&quot;:&quot;(max-width: 600px) 100vw, 600px&quot;,&quot;full_src&quot;:&quot;https:\\\/\\\/shop-ch.lafabriquecornu.ch\\\/wp-content\\\/uploads\\\/lafabrique-shop-brunch.webp&quot;,&quot;full_src_w&quot;:800,&quot;full_src_h&quot;:900,&quot;gallery_thumbnail_src&quot;:&quot;https:\\\/\\\/shop-ch.lafabriquecornu.ch\\\/wp-content\\\/uploads\\\/lafabrique-shop-brunch-100x100.webp&quot;,&quot;gallery_thumbnail_src_w&quot;:100,&quot;gallery_thumbnail_src_h&quot;:100,&quot;thumb_src&quot;:&quot;https:\\\/\\\/shop-ch.lafabriquecornu.ch\\\/wp-content\\\/uploads\\\/lafabrique-shop-brunch-300x300.webp&quot;,&quot;thumb_src_w&quot;:300,&quot;thumb_src_h&quot;:300,&quot;src_w&quot;:600,&quot;src_h&quot;:675},&quot;image_id&quot;:121,&quot;is_downloadable&quot;:false,&quot;is_in_stock&quot;:true,&quot;is_purchasable&quot;:true,&quot;is_sold_individually&quot;:&quot;no&quot;,&quot;is_virtual&quot;:false,&quot;max_qty&quot;:3,&quot;min_qty&quot;:1,&quot;price_html&quot;:&quot;&quot;,&quot;sku&quot;:&quot;&quot;,&quot;variation_description&quot;:&quot;&quot;,&quot;variation_id&quot;:6788,&quot;variation_is_active&quot;:true,&quot;variation_is_visible&quot;:true,&quot;weight&quot;:&quot;&quot;,&quot;weight_html&quot;:&quot;ND&quot;},{&quot;attributes&quot;:{&quot;attribute_date&quot;:&quot;2026-05-10&quot;,&quot;attribute_horaire&quot;:&quot;11:00&quot;},&quot;availability_html&quot;:&quot;&lt;p class=\\&quot;stock out-of-stock\\&quot;&gt;Rupture de stock&lt;\\\/p&gt;\\n&quot;,&quot;backorders_allowed&quot;:false,&quot;dimensions&quot;:{&quot;length&quot;:&quot;&quot;,&quot;width&quot;:&quot;&quot;,&quot;height&quot;:&quot;&quot;},&quot;dimensions_html&quot;:&quot;ND&quot;,&quot;display_price&quot;:45,&quot;display_regular_price&quot;:45,&quot;image&quot;:{&quot;title&quot;:&quot;lafabrique-shop-brunch&quot;,&quot;caption&quot;:&quot;&quot;,&quot;url&quot;:&quot;https:\\\/\\\/shop-ch.lafabriquecornu.ch\\\/wp-content\\\/uploads\\\/lafabrique-shop-brunch.webp&quot;,&quot;alt&quot;:&quot;Brunch \\u00e0 La Fabrique de Champagne&quot;,&quot;src&quot;:&quot;https:\\\/\\\/shop-ch.lafabriquecornu.ch\\\/wp-content\\\/uploads\\\/lafabrique-shop-brunch-600x675.webp&quot;,&quot;srcset&quot;:&quot;https:\\\/\\\/shop-ch.lafabriquecornu.ch\\\/wp-content\\\/uploads\\\/lafabrique-shop-brunch-600x675.webp 600w, https:\\\/\\\/shop-ch.lafabriquecornu.ch\\\/wp-content\\\/uploads\\\/lafabrique-shop-brunch-267x300.webp 267w, https:\\\/\\\/shop-ch.lafabriquecornu.ch\\\/wp-content\\\/uploads\\\/lafabrique-shop-brunch-768x864.webp 768w, https:\\\/\\\/shop-ch.lafabriquecornu.ch\\\/wp-content\\\/uploads\\\/lafabrique-shop-brunch-390x439.webp 390w, https:\\\/\\\/shop-ch.lafabriquecornu.ch\\\/wp-content\\\/uploads\\\/lafabrique-shop-brunch.webp 800w&quot;,&quot;sizes&quot;:&quot;(max-width: 600px) 100vw, 600px&quot;,&quot;full_src&quot;:&quot;https:\\\/\\\/shop-ch.lafabriquecornu.ch\\\/wp-content\\\/uploads\\\/lafabrique-shop-brunch.webp&quot;,&quot;full_src_w&quot;:800,&quot;full_src_h&quot;:900,&quot;gallery_thumbnail_src&quot;:&quot;https:\\\/\\\/shop-ch.lafabriquecornu.ch\\\/wp-content\\\/uploads\\\/lafabrique-shop-brunch-100x100.webp&quot;,&quot;gallery_thumbnail_src_w&quot;:100,&quot;gallery_thumbnail_src_h&quot;:100,&quot;thumb_src&quot;:&quot;https:\\\/\\\/shop-ch.lafabriquecornu.ch\\\/wp-content\\\/uploads\\\/lafabrique-shop-brunch-300x300.webp&quot;,&quot;thumb_src_w&quot;:300,&quot;thumb_src_h&quot;:300,&quot;src_w&quot;:600,&quot;src_h&quot;:675},&quot;image_id&quot;:121,&quot;is_downloadable&quot;:false,&quot;is_in_stock&quot;:false,&quot;is_purchasable&quot;:true,&quot;is_sold_individually&quot;:&quot;no&quot;,&quot;is_virtual&quot;:false,&quot;max_qty&quot;:&quot;&quot;,&quot;min_qty&quot;:1,&quot;price_html&quot;:&quot;&quot;,&quot;sku&quot;:&quot;&quot;,&quot;variation_description&quot;:&quot;&quot;,&quot;variation_id&quot;:6787,&quot;variation_is_active&quot;:true,&quot;variation_is_visible&quot;:true,&quot;weight&quot;:&quot;&quot;,&quot;weight_html&quot;:&quot;ND&quot;}]\">\n\t\n\t\t\t<table class=\"variations\" cellspacing=\"0\" role=\"presentation\">\n\t\t\t<tbody>\n\t\t\t\t\t\t\t\t\t<tr>\n\t\t\t\t\t\t<th class=\"label\"><label for=\"date\">Date<\/label><\/th>\n\t\t\t\t\t\t<td class=\"value\">\n\t\t\t\t\t\t\t<select id=\"date\" class=\"\" name=\"attribute_date\" data-attribute_name=\"attribute_date\" data-show_option_none=\"yes\"><option value=\"\">Choisir une option<\/option><option value=\"2025-10-26\" >2025-10-26<\/option><option value=\"2025-11-23\" >2025-11-23<\/option><option value=\"2025-12-21\" >2025-12-21<\/option><option value=\"2026-01-25\" >2026-01-25<\/option><option value=\"2026-05-10\" >2026-05-10<\/option><option value=\"2026-06-28\" >2026-06-28<\/option><\/select>\t\t\t\t\t\t<\/td>\n\t\t\t\t\t<\/tr>\n\t\t\t\t\t\t\t\t\t<tr>\n\t\t\t\t\t\t<th class=\"label\"><label for=\"horaire\">Horaire<\/label><\/th>\n\t\t\t\t\t\t<td class=\"value\">\n\t\t\t\t\t\t\t<select id=\"horaire\" class=\"\" name=\"attribute_horaire\" data-attribute_name=\"attribute_horaire\" data-show_option_none=\"yes\"><option value=\"\">Choisir une option<\/option><option value=\"09:00\" >09:00<\/option><option value=\"11:00\" >11:00<\/option><option value=\"13:00\" >13:00<\/option><\/select><a class=\"reset_variations\" href=\"#\" aria-label=\"Effacer les options\">Effacer<\/a>\t\t\t\t\t\t<\/td>\n\t\t\t\t\t<\/tr>\n\t\t\t\t\t\t\t<\/tbody>\n\t\t<\/table>\n\t\t<div class=\"reset_variations_alert screen-reader-text\" role=\"alert\" aria-live=\"polite\" aria-relevant=\"all\"><\/div>\n\t\t\n\t\t<div class=\"single_variation_wrap\">\n\t\t\t<div class=\"woocommerce-variation single_variation\" role=\"alert\" aria-relevant=\"additions\"><\/div><div class=\"woocommerce-variation-add-to-cart variations_button\">\n\t<div class=\"pofw-product-options-wrapper\" id=\"pofw_product_options\">\n  <div class=\"fieldset\">\n             \n      <div class=\"field \">\n        <label for=\"select_14\">\n          <span>Adulte<\/span>\n                  <\/label>\n        <div class=\"control\">\n                                              \n        <\/div>\n      <\/div>\n                    \n  <\/div>\n<\/div>\n<script type=\"text\/javascript\">\n\n  var config = {  \n    requiredText : \"This field is required.\",\n    productId : 715,    \n    productPrice : 45,\n    numberOfDecimals : 2,    \n    decimalSeparator : \".\",\n    thousandSeparator : \"'\",\n    currencyPosition : \"left_space\",\n    isOnSale : 0       \n  };\n\n  \/\/ $( 'input.variation_id' ).change( function(){\n  \/\/   if( '' != $(this).val() ) {\n  \/\/       config.productId = $(this).val();\n  \/\/       alert('You just selected variation #' + config.productId);\n  \/\/   }\n  \/\/ });\n  \n  var optionData = [];\n   \n  jQuery.extend(config, optionData);\n    \n  jQuery('#pofw_product_options').pofwProductOptions(config);    \n\n<\/script>\n\t\n<div class=\"quantity\" style=\"display: flex;\">\n    \n    <button type=\"button\" class=\"btn minus\" onclick=\"decreaseValue('quantity_69f4d560b6829')\">&#8211;<\/button>\n    <input type=\"number\"\n        step=\"1\"\n        min=\"1\"                name=\"quantity\"\n        id=\"quantity_69f4d560b6829\"\n        value=\"1\"\n        title=\"Qty\"\n        class=\"input-text qty text\" size=\"4\"\n    \/>\n    <button type=\"button\" class=\"btn plus\" onclick=\"increaseValue('quantity_69f4d560b6829')\">+<\/button>\n\n    <\/div>\n\t<button type=\"submit\" class=\"single_add_to_cart_button button alt\">Ajouter au panier<\/button>\n\n\t\n\t<input type=\"hidden\" name=\"add-to-cart\" value=\"715\" \/>\n\t<input type=\"hidden\" name=\"product_id\" value=\"715\" \/>\n\t<input type=\"hidden\" name=\"variation_id\" class=\"variation_id\" value=\"0\" \/>\n<\/div>\n\t\t<\/div>\n\t\n\t<\/form>\n\n<\/div><\/div>\n<\/div>\n<\/div>\n\n\n\n<p class=\"has-medium-font-size\"><strong>2. Accompagn\u00e9 d&rsquo;enfant ?<\/strong><\/p>\n\n\n\n<p>Merci de renseigner le nombre d\u2019enfants, y compris ceux gratuits, pour une meilleure organisation.<\/p>\n\n\n\n<div data-block-name=\"woocommerce\/single-product\" data-product-id=\"1229\" data-wp-context=\"{&quot;productId&quot;:1229,&quot;variationId&quot;:null}\" data-wp-interactive=\"woocommerce\/single-product\" class=\"wp-block-woocommerce-single-product\">\n<div class=\"wp-block-columns is-layout-flex wp-container-core-columns-is-layout-9d6595d7 wp-block-columns-is-layout-flex\">\n<div class=\"wp-block-column is-layout-flow wp-block-column-is-layout-flow\"><div data-block-name=\"woocommerce\/product-price\" data-is-descendent-of-single-product-block=\"true\" class=\"wp-block-woocommerce-product-price\" ><div class=\"wc-block-components-product-price wc-block-grid__product-price\" >\n\t\t\t\t\t<span class=\"woocommerce-Price-amount amount\"><bdi><span class=\"woocommerce-Price-currencySymbol\">&#67;&#72;&#70;<\/span>&nbsp;15.00<\/bdi><\/span>\n\t\t\t\t<\/div><\/div>\n\n<div class=\"wp-block-post-excerpt\"><p class=\"wp-block-post-excerpt__excerpt\">Enfant de 7 \u00e0 12 ans <\/p><\/div>\n\n<div data-block-name=\"woocommerce\/add-to-cart-form\" data-is-descendent-of-single-product-block=\"true\" class=\"wp-block-add-to-cart-form wc-block-add-to-cart-form wc-block-add-to-cart-form--input wp-block-woocommerce-add-to-cart-form\" >\n\t\n\t<form class=\"cart\" action=\"https:\/\/shop-ch.lafabriquecornu.ch\/fr\/produit\/brunch-au-cafe-enfant-7-12ans\/\" method=\"post\" enctype='multipart\/form-data'>\n\t\t\n\t\t\n<div class=\"quantity\" style=\"display: flex;\">\n    \n    <button type=\"button\" class=\"btn minus\" onclick=\"decreaseValue('quantity_69f4d560c1548')\">&#8211;<\/button>\n    <input type=\"number\"\n        step=\"1\"\n        min=\"1\"                name=\"quantity\"\n        id=\"quantity_69f4d560c1548\"\n        value=\"1\"\n        title=\"Qty\"\n        class=\"input-text qty text\" size=\"4\"\n    \/>\n    <button type=\"button\" class=\"btn plus\" onclick=\"increaseValue('quantity_69f4d560c1548')\">+<\/button>\n\n    <\/div>\n\t\t<button type=\"submit\" name=\"add-to-cart\" value=\"1229\" class=\"single_add_to_cart_button button alt\">Ajouter au panier<\/button>\n\n\t\t\t<\/form>\n\n\t\n<\/div><\/div>\n<\/div>\n<\/div>\n\n\n\n<div data-block-name=\"woocommerce\/single-product\" data-product-id=\"1230\" data-wp-context=\"{&quot;productId&quot;:1230,&quot;variationId&quot;:null}\" data-wp-interactive=\"woocommerce\/single-product\" class=\"wp-block-woocommerce-single-product\">\n<div class=\"wp-block-columns is-layout-flex wp-container-core-columns-is-layout-9d6595d7 wp-block-columns-is-layout-flex\">\n<div class=\"wp-block-column is-layout-flow wp-block-column-is-layout-flow\"><div data-block-name=\"woocommerce\/product-price\" data-is-descendent-of-single-product-block=\"true\" class=\"wp-block-woocommerce-product-price\" ><div class=\"wc-block-components-product-price wc-block-grid__product-price\" >\n\t\t\t\t\t<span class=\"woocommerce-Price-amount amount\"><bdi><span class=\"woocommerce-Price-currencySymbol\">&#67;&#72;&#70;<\/span>&nbsp;0.00<\/bdi><\/span>\n\t\t\t\t<\/div><\/div>\n\n<div class=\"wp-block-post-excerpt\"><p class=\"wp-block-post-excerpt__excerpt\">Offert pour les enfants de 0 \u00e0 6 ans. <\/p><\/div>\n\n<div data-block-name=\"woocommerce\/add-to-cart-form\" data-is-descendent-of-single-product-block=\"true\" class=\"wp-block-add-to-cart-form wc-block-add-to-cart-form wc-block-add-to-cart-form--input wp-block-woocommerce-add-to-cart-form\" >\n\t\n\t<form class=\"cart\" action=\"https:\/\/shop-ch.lafabriquecornu.ch\/fr\/produit\/brunch-au-cafe-enfant-6ans\/\" method=\"post\" enctype='multipart\/form-data'>\n\t\t\n\t\t\n<div class=\"quantity\" style=\"display: flex;\">\n    \n    <button type=\"button\" class=\"btn minus\" onclick=\"decreaseValue('quantity_69f4d560c9a23')\">&#8211;<\/button>\n    <input type=\"number\"\n        step=\"1\"\n        min=\"1\"                name=\"quantity\"\n        id=\"quantity_69f4d560c9a23\"\n        value=\"1\"\n        title=\"Qty\"\n        class=\"input-text qty text\" size=\"4\"\n    \/>\n    <button type=\"button\" class=\"btn plus\" onclick=\"increaseValue('quantity_69f4d560c9a23')\">+<\/button>\n\n    <\/div>\n\t\t<button type=\"submit\" name=\"add-to-cart\" value=\"1230\" class=\"single_add_to_cart_button button alt\">Ajouter au panier<\/button>\n\n\t\t\t<\/form>\n\n\t\n<\/div><\/div>\n<\/div>\n<\/div>\n<\/div>\n<\/div>\n\n\n\n<div class=\"wp-block-columns is-layout-flex wp-container-core-columns-is-layout-9d6595d7 wp-block-columns-is-layout-flex\">\n<div class=\"wp-block-column has-white-background-color has-background is-layout-flow wp-block-column-is-layout-flow\">\n<figure class=\"wp-block-image size-full\"><a href=\"https:\/\/shop-ch.lafabriquecornu.ch\/fr\/brunch-au-restaurant-le-1424\/\"><img loading=\"lazy\" decoding=\"async\" width=\"800\" height=\"900\" src=\"https:\/\/shop-ch.lafabriquecornu.ch\/wp-content\/uploads\/lafabrique-shop-brunch-1424.webp\" alt=\"Brunch sur le toit de La Fabrique au restaurant Le 1424\" class=\"wp-image-122\" srcset=\"https:\/\/shop-ch.lafabriquecornu.ch\/wp-content\/uploads\/lafabrique-shop-brunch-1424.webp 800w, https:\/\/shop-ch.lafabriquecornu.ch\/wp-content\/uploads\/lafabrique-shop-brunch-1424-267x300.webp 267w, https:\/\/shop-ch.lafabriquecornu.ch\/wp-content\/uploads\/lafabrique-shop-brunch-1424-768x864.webp 768w, https:\/\/shop-ch.lafabriquecornu.ch\/wp-content\/uploads\/lafabrique-shop-brunch-1424-390x439.webp 390w, https:\/\/shop-ch.lafabriquecornu.ch\/wp-content\/uploads\/lafabrique-shop-brunch-1424-600x675.webp 600w\" sizes=\"auto, (max-width: 800px) 100vw, 800px\" \/><\/a><\/figure>\n\n\n\n<p class=\"has-text-align-center padding-bottom-m\"><a href=\"https:\/\/shop-ch.lafabriquecornu.ch\/fr\/brunch-au-restaurant-le-1424\/\">BRUNCH AU RESTAURANT LE 1424<br>CHF 30.00 \u2013 69.00<\/a><\/p>\n<\/div>\n\n\n\n<div class=\"wp-block-column is-layout-flow wp-block-column-is-layout-flow\"><\/div>\n\n\n\n<div class=\"wp-block-column is-layout-flow wp-block-column-is-layout-flow\"><\/div>\n<\/div>\n","protected":false},"excerpt":{"rendered":"<p>2. Accompagn\u00e9 d&rsquo;enfant ? Merci de renseigner le nombre d\u2019enfants, y compris ceux gratuits, pour une meilleure organisation. BRUNCH AU RESTAURANT LE 1424CHF 30.00 \u2013 69.00<\/p>\n","protected":false},"author":1,"featured_media":0,"parent":0,"menu_order":0,"comment_status":"closed","ping_status":"closed","template":"","meta":{"footnotes":""},"class_list":["post-1233","page","type-page","status-publish","hentry"],"featured_image_src":null,"yoast_head":"<!-- This site is optimized with the Yoast SEO plugin v27.5 - https:\/\/yoast.com\/product\/yoast-seo-wordpress\/ -->\n<title>BRUNCH AU CAF\u00c9 LA FABRIQUE - La Fabrique Cornu Shop Suisse<\/title>\n<meta name=\"description\" content=\"Buffet chaud et froid, mettant en avant des produits maison et locaux. Partagez des moments agr\u00e9ables en famille et b\u00e9n\u00e9ficiez de tarifs doux pour les plus jeunes.\" \/>\n<meta name=\"robots\" content=\"index, follow, max-snippet:-1, max-image-preview:large, max-video-preview:-1\" \/>\n<link rel=\"canonical\" href=\"https:\/\/shop-ch.lafabriquecornu.ch\/fr\/brunch-au-cafe-la-fabrique\/\" \/>\n<meta property=\"og:locale\" content=\"fr_FR\" \/>\n<meta property=\"og:type\" content=\"article\" \/>\n<meta property=\"og:title\" content=\"BRUNCH AU CAF\u00c9 LA FABRIQUE - La Fabrique Cornu Shop Suisse\" \/>\n<meta property=\"og:description\" content=\"Buffet chaud et froid, mettant en avant des produits maison et locaux. Partagez des moments agr\u00e9ables en famille et b\u00e9n\u00e9ficiez de tarifs doux pour les plus jeunes.\" \/>\n<meta property=\"og:url\" content=\"https:\/\/shop-ch.lafabriquecornu.ch\/fr\/brunch-au-cafe-la-fabrique\/\" \/>\n<meta property=\"og:site_name\" content=\"La Fabrique Cornu Shop Suisse\" \/>\n<meta property=\"article:publisher\" content=\"https:\/\/facebook.com\/lafabriquecornu\" \/>\n<meta property=\"article:modified_time\" content=\"2024-03-28T10:06:59+00:00\" \/>\n<meta property=\"og:image\" content=\"https:\/\/shop-ch.lafabriquecornu.ch\/wp-content\/uploads\/lafabrique-shop-brunch.webp\" \/>\n<meta name=\"twitter:card\" content=\"summary_large_image\" \/>\n<meta name=\"twitter:label1\" content=\"Dur\u00e9e de lecture estim\u00e9e\" \/>\n\t<meta name=\"twitter:data1\" content=\"1 minute\" \/>\n<script type=\"application\/ld+json\" class=\"yoast-schema-graph\">{\"@context\":\"https:\\\/\\\/schema.org\",\"@graph\":[{\"@type\":\"WebPage\",\"@id\":\"https:\\\/\\\/shop-ch.lafabriquecornu.ch\\\/fr\\\/brunch-au-cafe-la-fabrique\\\/\",\"url\":\"https:\\\/\\\/shop-ch.lafabriquecornu.ch\\\/fr\\\/brunch-au-cafe-la-fabrique\\\/\",\"name\":\"BRUNCH AU CAF\u00c9 LA FABRIQUE - La Fabrique Cornu Shop Suisse\",\"isPartOf\":{\"@id\":\"https:\\\/\\\/shop-ch.lafabriquecornu.ch\\\/fr\\\/#website\"},\"primaryImageOfPage\":{\"@id\":\"https:\\\/\\\/shop-ch.lafabriquecornu.ch\\\/fr\\\/brunch-au-cafe-la-fabrique\\\/#primaryimage\"},\"image\":{\"@id\":\"https:\\\/\\\/shop-ch.lafabriquecornu.ch\\\/fr\\\/brunch-au-cafe-la-fabrique\\\/#primaryimage\"},\"thumbnailUrl\":\"https:\\\/\\\/shop-ch.lafabriquecornu.ch\\\/wp-content\\\/uploads\\\/lafabrique-shop-brunch.webp\",\"datePublished\":\"2024-01-25T12:46:25+00:00\",\"dateModified\":\"2024-03-28T10:06:59+00:00\",\"description\":\"Buffet chaud et froid, mettant en avant des produits maison et locaux. Partagez des moments agr\u00e9ables en famille et b\u00e9n\u00e9ficiez de tarifs doux pour les plus jeunes.\",\"breadcrumb\":{\"@id\":\"https:\\\/\\\/shop-ch.lafabriquecornu.ch\\\/fr\\\/brunch-au-cafe-la-fabrique\\\/#breadcrumb\"},\"inLanguage\":\"fr-FR\",\"potentialAction\":[{\"@type\":\"ReadAction\",\"target\":[\"https:\\\/\\\/shop-ch.lafabriquecornu.ch\\\/fr\\\/brunch-au-cafe-la-fabrique\\\/\"]}]},{\"@type\":\"ImageObject\",\"inLanguage\":\"fr-FR\",\"@id\":\"https:\\\/\\\/shop-ch.lafabriquecornu.ch\\\/fr\\\/brunch-au-cafe-la-fabrique\\\/#primaryimage\",\"url\":\"https:\\\/\\\/shop-ch.lafabriquecornu.ch\\\/wp-content\\\/uploads\\\/lafabrique-shop-brunch.webp\",\"contentUrl\":\"https:\\\/\\\/shop-ch.lafabriquecornu.ch\\\/wp-content\\\/uploads\\\/lafabrique-shop-brunch.webp\"},{\"@type\":\"BreadcrumbList\",\"@id\":\"https:\\\/\\\/shop-ch.lafabriquecornu.ch\\\/fr\\\/brunch-au-cafe-la-fabrique\\\/#breadcrumb\",\"itemListElement\":[{\"@type\":\"ListItem\",\"position\":1,\"name\":\"Accueil\",\"item\":\"https:\\\/\\\/shop-ch.lafabriquecornu.ch\\\/fr\\\/\"},{\"@type\":\"ListItem\",\"position\":2,\"name\":\"BRUNCH AU CAF\u00c9 LA FABRIQUE\"}]},{\"@type\":\"WebSite\",\"@id\":\"https:\\\/\\\/shop-ch.lafabriquecornu.ch\\\/fr\\\/#website\",\"url\":\"https:\\\/\\\/shop-ch.lafabriquecornu.ch\\\/fr\\\/\",\"name\":\"La Fabrique Cornu\",\"description\":\"\",\"publisher\":{\"@id\":\"https:\\\/\\\/shop-ch.lafabriquecornu.ch\\\/fr\\\/#organization\"},\"potentialAction\":[{\"@type\":\"SearchAction\",\"target\":{\"@type\":\"EntryPoint\",\"urlTemplate\":\"https:\\\/\\\/shop-ch.lafabriquecornu.ch\\\/fr\\\/?s={search_term_string}\"},\"query-input\":{\"@type\":\"PropertyValueSpecification\",\"valueRequired\":true,\"valueName\":\"search_term_string\"}}],\"inLanguage\":\"fr-FR\"},{\"@type\":\"Organization\",\"@id\":\"https:\\\/\\\/shop-ch.lafabriquecornu.ch\\\/fr\\\/#organization\",\"name\":\"La Fabrique Cornu\",\"url\":\"https:\\\/\\\/shop-ch.lafabriquecornu.ch\\\/fr\\\/\",\"logo\":{\"@type\":\"ImageObject\",\"inLanguage\":\"fr-FR\",\"@id\":\"https:\\\/\\\/shop-ch.lafabriquecornu.ch\\\/fr\\\/#\\\/schema\\\/logo\\\/image\\\/\",\"url\":\"https:\\\/\\\/shop-ch.lafabriquecornu.ch\\\/wp-content\\\/uploads\\\/lafabrique-logo.svg\",\"contentUrl\":\"https:\\\/\\\/shop-ch.lafabriquecornu.ch\\\/wp-content\\\/uploads\\\/lafabrique-logo.svg\",\"width\":1,\"height\":1,\"caption\":\"La Fabrique Cornu\"},\"image\":{\"@id\":\"https:\\\/\\\/shop-ch.lafabriquecornu.ch\\\/fr\\\/#\\\/schema\\\/logo\\\/image\\\/\"},\"sameAs\":[\"https:\\\/\\\/facebook.com\\\/lafabriquecornu\",\"https:\\\/\\\/www.instagram.com\\\/lafabriquech\",\"https:\\\/\\\/www.youtube.com\\\/@lafabrique-museeinteractif4254\"]}]}<\/script>\n<!-- \/ Yoast SEO plugin. -->","yoast_head_json":{"title":"BRUNCH AU CAF\u00c9 LA FABRIQUE - La Fabrique Cornu Shop Suisse","description":"Buffet chaud et froid, mettant en avant des produits maison et locaux. Partagez des moments agr\u00e9ables en famille et b\u00e9n\u00e9ficiez de tarifs doux pour les plus jeunes.","robots":{"index":"index","follow":"follow","max-snippet":"max-snippet:-1","max-image-preview":"max-image-preview:large","max-video-preview":"max-video-preview:-1"},"canonical":"https:\/\/shop-ch.lafabriquecornu.ch\/fr\/brunch-au-cafe-la-fabrique\/","og_locale":"fr_FR","og_type":"article","og_title":"BRUNCH AU CAF\u00c9 LA FABRIQUE - La Fabrique Cornu Shop Suisse","og_description":"Buffet chaud et froid, mettant en avant des produits maison et locaux. Partagez des moments agr\u00e9ables en famille et b\u00e9n\u00e9ficiez de tarifs doux pour les plus jeunes.","og_url":"https:\/\/shop-ch.lafabriquecornu.ch\/fr\/brunch-au-cafe-la-fabrique\/","og_site_name":"La Fabrique Cornu Shop Suisse","article_publisher":"https:\/\/facebook.com\/lafabriquecornu","article_modified_time":"2024-03-28T10:06:59+00:00","og_image":[{"url":"https:\/\/shop-ch.lafabriquecornu.ch\/wp-content\/uploads\/lafabrique-shop-brunch.webp","type":"","width":"","height":""}],"twitter_card":"summary_large_image","twitter_misc":{"Dur\u00e9e de lecture estim\u00e9e":"1 minute"},"schema":{"@context":"https:\/\/schema.org","@graph":[{"@type":"WebPage","@id":"https:\/\/shop-ch.lafabriquecornu.ch\/fr\/brunch-au-cafe-la-fabrique\/","url":"https:\/\/shop-ch.lafabriquecornu.ch\/fr\/brunch-au-cafe-la-fabrique\/","name":"BRUNCH AU CAF\u00c9 LA FABRIQUE - La Fabrique Cornu Shop Suisse","isPartOf":{"@id":"https:\/\/shop-ch.lafabriquecornu.ch\/fr\/#website"},"primaryImageOfPage":{"@id":"https:\/\/shop-ch.lafabriquecornu.ch\/fr\/brunch-au-cafe-la-fabrique\/#primaryimage"},"image":{"@id":"https:\/\/shop-ch.lafabriquecornu.ch\/fr\/brunch-au-cafe-la-fabrique\/#primaryimage"},"thumbnailUrl":"https:\/\/shop-ch.lafabriquecornu.ch\/wp-content\/uploads\/lafabrique-shop-brunch.webp","datePublished":"2024-01-25T12:46:25+00:00","dateModified":"2024-03-28T10:06:59+00:00","description":"Buffet chaud et froid, mettant en avant des produits maison et locaux. Partagez des moments agr\u00e9ables en famille et b\u00e9n\u00e9ficiez de tarifs doux pour les plus jeunes.","breadcrumb":{"@id":"https:\/\/shop-ch.lafabriquecornu.ch\/fr\/brunch-au-cafe-la-fabrique\/#breadcrumb"},"inLanguage":"fr-FR","potentialAction":[{"@type":"ReadAction","target":["https:\/\/shop-ch.lafabriquecornu.ch\/fr\/brunch-au-cafe-la-fabrique\/"]}]},{"@type":"ImageObject","inLanguage":"fr-FR","@id":"https:\/\/shop-ch.lafabriquecornu.ch\/fr\/brunch-au-cafe-la-fabrique\/#primaryimage","url":"https:\/\/shop-ch.lafabriquecornu.ch\/wp-content\/uploads\/lafabrique-shop-brunch.webp","contentUrl":"https:\/\/shop-ch.lafabriquecornu.ch\/wp-content\/uploads\/lafabrique-shop-brunch.webp"},{"@type":"BreadcrumbList","@id":"https:\/\/shop-ch.lafabriquecornu.ch\/fr\/brunch-au-cafe-la-fabrique\/#breadcrumb","itemListElement":[{"@type":"ListItem","position":1,"name":"Accueil","item":"https:\/\/shop-ch.lafabriquecornu.ch\/fr\/"},{"@type":"ListItem","position":2,"name":"BRUNCH AU CAF\u00c9 LA FABRIQUE"}]},{"@type":"WebSite","@id":"https:\/\/shop-ch.lafabriquecornu.ch\/fr\/#website","url":"https:\/\/shop-ch.lafabriquecornu.ch\/fr\/","name":"La Fabrique Cornu","description":"","publisher":{"@id":"https:\/\/shop-ch.lafabriquecornu.ch\/fr\/#organization"},"potentialAction":[{"@type":"SearchAction","target":{"@type":"EntryPoint","urlTemplate":"https:\/\/shop-ch.lafabriquecornu.ch\/fr\/?s={search_term_string}"},"query-input":{"@type":"PropertyValueSpecification","valueRequired":true,"valueName":"search_term_string"}}],"inLanguage":"fr-FR"},{"@type":"Organization","@id":"https:\/\/shop-ch.lafabriquecornu.ch\/fr\/#organization","name":"La Fabrique Cornu","url":"https:\/\/shop-ch.lafabriquecornu.ch\/fr\/","logo":{"@type":"ImageObject","inLanguage":"fr-FR","@id":"https:\/\/shop-ch.lafabriquecornu.ch\/fr\/#\/schema\/logo\/image\/","url":"https:\/\/shop-ch.lafabriquecornu.ch\/wp-content\/uploads\/lafabrique-logo.svg","contentUrl":"https:\/\/shop-ch.lafabriquecornu.ch\/wp-content\/uploads\/lafabrique-logo.svg","width":1,"height":1,"caption":"La Fabrique Cornu"},"image":{"@id":"https:\/\/shop-ch.lafabriquecornu.ch\/fr\/#\/schema\/logo\/image\/"},"sameAs":["https:\/\/facebook.com\/lafabriquecornu","https:\/\/www.instagram.com\/lafabriquech","https:\/\/www.youtube.com\/@lafabrique-museeinteractif4254"]}]}},"_links":{"self":[{"href":"https:\/\/shop-ch.lafabriquecornu.ch\/fr\/wp-json\/wp\/v2\/pages\/1233","targetHints":{"allow":["GET"]}}],"collection":[{"href":"https:\/\/shop-ch.lafabriquecornu.ch\/fr\/wp-json\/wp\/v2\/pages"}],"about":[{"href":"https:\/\/shop-ch.lafabriquecornu.ch\/fr\/wp-json\/wp\/v2\/types\/page"}],"author":[{"embeddable":true,"href":"https:\/\/shop-ch.lafabriquecornu.ch\/fr\/wp-json\/wp\/v2\/users\/1"}],"replies":[{"embeddable":true,"href":"https:\/\/shop-ch.lafabriquecornu.ch\/fr\/wp-json\/wp\/v2\/comments?post=1233"}],"version-history":[{"count":14,"href":"https:\/\/shop-ch.lafabriquecornu.ch\/fr\/wp-json\/wp\/v2\/pages\/1233\/revisions"}],"predecessor-version":[{"id":2716,"href":"https:\/\/shop-ch.lafabriquecornu.ch\/fr\/wp-json\/wp\/v2\/pages\/1233\/revisions\/2716"}],"wp:attachment":[{"href":"https:\/\/shop-ch.lafabriquecornu.ch\/fr\/wp-json\/wp\/v2\/media?parent=1233"}],"curies":[{"name":"wp","href":"https:\/\/api.w.org\/{rel}","templated":true}]}}